{"id":1546,"date":"2022-07-26T08:00:44","date_gmt":"2022-07-26T06:00:44","guid":{"rendered":"https:\/\/marc-marti.com\/empresa\/"},"modified":"2026-02-17T11:16:00","modified_gmt":"2026-02-17T10:16:00","slug":"empresa-impressio-gran-format-publicitat-exterior","status":"publish","type":"page","link":"https:\/\/marc-marti.com\/ca\/empresa-impressio-gran-format-publicitat-exterior\/","title":{"rendered":"Empresa"},"content":{"rendered":"<p><div class=\"fusion-fullwidth fullwidth-box fusion-builder-row-1 fusion-flex-container video-background has-pattern-background has-mask-background nonhundred-percent-fullwidth non-hundred-percent-height-scrolling\" style=\"--awb-border-radius-top-left:0px;--awb-border-radius-top-right:0px;--awb-border-radius-bottom-right:0px;--awb-border-radius-bottom-left:0px;--awb-min-height:400px;--awb-flex-wrap:wrap;\" ><div class=\"fullwidth-video\"><video preload=\"auto\" autoplay playsinline loop muted><source src=\"https:\/\/marc-marti.com\/wp-content\/uploads\/2022\/08\/MM-empresa.mp4\" type=\"video\/mp4\"><\/video><\/div><div class=\"fusion-builder-row fusion-row fusion-flex-align-items-center fusion-flex-align-content-center fusion-flex-content-wrap\" style=\"max-width:1248px;margin-left: calc(-4% \/ 2 );margin-right: calc(-4% \/ 2 );\"><div class=\"fusion-layout-column fusion_builder_column fusion-builder-column-0 fusion_builder_column_1_1 1_1 fusion-flex-column fusion-animated\" style=\"--awb-padding-top:100px;--awb-padding-bottom:100px;--awb-bg-size:cover;--awb-width-large:100%;--awb-margin-top-large:0px;--awb-spacing-right-large:1.92%;--awb-margin-bottom-large:20px;--awb-spacing-left-large:1.92%;--awb-width-medium:100%;--awb-order-medium:0;--awb-spacing-right-medium:1.92%;--awb-spacing-left-medium:1.92%;--awb-width-small:100%;--awb-order-small:0;--awb-spacing-right-small:1.92%;--awb-spacing-left-small:1.92%;\" data-animationType=\"slideInRight\" data-animationDuration=\"1.5\" data-animationOffset=\"top-into-view\"><div class=\"fusion-column-wrapper fusion-column-has-shadow fusion-flex-justify-content-flex-start fusion-content-layout-column\"><div class=\"fusion-title title fusion-title-1 fusion-sep-none fusion-title-center fusion-title-text fusion-title-size-one\" style=\"--awb-text-color:var(--awb-color1);--awb-margin-top-small:10px;--awb-margin-right-small:0px;--awb-margin-bottom-small:10px;--awb-margin-left-small:0px;\"><h1 class=\"fusion-title-heading title-heading-center fusion-responsive-typography-calculated\" style=\"margin:0;--fontSize:80;line-height:1;\">Empresa<\/h1><\/div><div class=\"fusion-title title fusion-title-2 fusion-sep-none fusion-title-center fusion-title-text fusion-title-size-two\" style=\"--awb-text-color:var(--awb-color1);--awb-margin-top-small:10px;--awb-margin-right-small:0px;--awb-margin-bottom-small:10px;--awb-margin-left-small:0px;--awb-font-size:30px;\"><h2 class=\"fusion-title-heading title-heading-center fusion-responsive-typography-calculated\" style=\"font-family:&quot;Roboto Condensed&quot;;font-style:normal;font-weight:300;margin:0;font-size:1em;--fontSize:30;line-height:var(--awb-typography1-line-height);\"><p style=\"text-align: center;\" data-start=\"73\" data-end=\"488\">A <strong data-start=\"75\" data-end=\"89\">Marc Mart\u00ed<\/strong> som una <strong data-start=\"98\" data-end=\"175\">empresa pionera en publicitat exterior i impressi\u00f3 digital de gran format<\/strong>. Combinen l\u2019experi\u00e8ncia en <strong data-start=\"203\" data-end=\"232\">serveis publicitaris 360\u00ba<\/strong> amb un parc industrial de <strong data-start=\"259\" data-end=\"282\">tecnologia avan\u00e7ada<\/strong> i un equip especialitzat perqu\u00e8 les campanyes s\u2019executin amb precisi\u00f3: des de l\u2019<strong data-start=\"363\" data-end=\"387\">assessorament t\u00e8cnic<\/strong> i la <strong data-start=\"393\" data-end=\"409\">preimpressi\u00f3<\/strong>, fins a la <strong data-start=\"421\" data-end=\"434\">producci\u00f3<\/strong>, la <strong data-start=\"439\" data-end=\"452\">log\u00edstica<\/strong> i la <strong data-start=\"458\" data-end=\"487\">instal\u00b7laci\u00f3 professional<\/strong>.<\/p>\n<p style=\"text-align: center;\" data-start=\"490\" data-end=\"774\">Treballem amb un objectiu molt clar: que la teva comunicaci\u00f3 visual es vegi impecable en qualsevol entorn (carrer, fa\u00e7ana, retail, centres comercials, fires i esdeveniments) i que el resultat final sigui coherent amb la teva marca, els teus terminis i els teus est\u00e0ndards de qualitat.<\/p><\/h2><\/div><div class=\"fusion-title title fusion-title-3 fusion-sep-none fusion-title-center fusion-title-text fusion-title-size-two\" style=\"--awb-text-color:var(--awb-color1);--awb-margin-top-small:10px;--awb-margin-right-small:0px;--awb-margin-bottom-small:10px;--awb-margin-left-small:0px;--awb-font-size:35px;\"><h2 class=\"fusion-title-heading title-heading-center fusion-responsive-typography-calculated\" style=\"font-family:&quot;Roboto Condensed&quot;;font-style:normal;font-weight:300;margin:0;font-size:1em;--fontSize:35;line-height:var(--awb-typography1-line-height);\">Explica&#8217;ns el teu projecte, i el farem realitat!<\/h2><\/div><\/div><\/div><\/div><\/div><div class=\"fusion-fullwidth fullwidth-box fusion-builder-row-2 fusion-flex-container has-pattern-background has-mask-background nonhundred-percent-fullwidth non-hundred-percent-height-scrolling\" style=\"--awb-border-radius-top-left:0px;--awb-border-radius-top-right:0px;--awb-border-radius-bottom-right:0px;--awb-border-radius-bottom-left:0px;--awb-padding-top:80px;--awb-padding-bottom:80px;--awb-flex-wrap:wrap;\" ><div class=\"fusion-builder-row fusion-row fusion-flex-align-items-center fusion-flex-justify-content-center fusion-flex-content-wrap\" style=\"max-width:1248px;margin-left: calc(-4% \/ 2 );margin-right: calc(-4% \/ 2 );\"><div class=\"fusion-layout-column fusion_builder_column fusion-builder-column-1 fusion_builder_column_2_5 2_5 fusion-flex-column fusion-animated\" style=\"--awb-bg-size:cover;--awb-width-large:40%;--awb-margin-top-large:0px;--awb-spacing-right-large:4.8%;--awb-margin-bottom-large:20px;--awb-spacing-left-large:4.8%;--awb-width-medium:40%;--awb-order-medium:0;--awb-spacing-right-medium:4.8%;--awb-spacing-left-medium:4.8%;--awb-width-small:100%;--awb-order-small:0;--awb-spacing-right-small:1.92%;--awb-spacing-left-small:1.92%;\" data-animationType=\"slideInLeft\" data-animationDuration=\"1.5\" data-animationOffset=\"top-into-view\"><div class=\"fusion-column-wrapper fusion-column-has-shadow fusion-flex-justify-content-flex-start fusion-content-layout-column\"><div class=\"fusion-image-element \" style=\"text-align:center;--awb-margin-bottom:20px;--awb-caption-title-font-family:var(--h2_typography-font-family);--awb-caption-title-font-weight:var(--h2_typography-font-weight);--awb-caption-title-font-style:var(--h2_typography-font-style);--awb-caption-title-size:var(--h2_typography-font-size);--awb-caption-title-transform:var(--h2_typography-text-transform);--awb-caption-title-line-height:var(--h2_typography-line-height);--awb-caption-title-letter-spacing:var(--h2_typography-letter-spacing);\"><span class=\" fusion-imageframe imageframe-none imageframe-1 hover-type-none\"><img decoding=\"async\" width=\"500\" height=\"350\" src=\"https:\/\/marc-marti.com\/wp-content\/uploads\/2022\/08\/001-marc-marti-historic.jpg\" alt class=\"img-responsive wp-image-997\" srcset=\"https:\/\/marc-marti.com\/wp-content\/uploads\/2022\/08\/001-marc-marti-historic-200x140.jpg 200w, https:\/\/marc-marti.com\/wp-content\/uploads\/2022\/08\/001-marc-marti-historic-400x280.jpg 400w, https:\/\/marc-marti.com\/wp-content\/uploads\/2022\/08\/001-marc-marti-historic.jpg 500w\" sizes=\"(max-width: 640px) 100vw, 500px\" \/><\/span><\/div><\/div><\/div><div class=\"fusion-layout-column fusion_builder_column fusion-builder-column-2 fusion_builder_column_3_5 3_5 fusion-flex-column fusion-animated\" style=\"--awb-bg-size:cover;--awb-width-large:60%;--awb-margin-top-large:0px;--awb-spacing-right-large:3.2%;--awb-margin-bottom-large:20px;--awb-spacing-left-large:3.2%;--awb-width-medium:60%;--awb-order-medium:0;--awb-spacing-right-medium:3.2%;--awb-spacing-left-medium:3.2%;--awb-width-small:100%;--awb-order-small:0;--awb-spacing-right-small:1.92%;--awb-spacing-left-small:1.92%;\" data-animationType=\"slideInRight\" data-animationDuration=\"1.5\" data-animationOffset=\"top-into-view\"><div class=\"fusion-column-wrapper fusion-column-has-shadow fusion-flex-justify-content-flex-start fusion-content-layout-column\"><div class=\"fusion-title title fusion-title-4 fusion-sep-none fusion-title-center fusion-title-text fusion-title-size-two\" style=\"--awb-text-color:var(--awb-color5);--awb-margin-top-small:10px;--awb-margin-right-small:0px;--awb-margin-bottom-small:10px;--awb-margin-left-small:0px;\"><h2 class=\"fusion-title-heading title-heading-center fusion-responsive-typography-calculated\" style=\"margin:0;--fontSize:55;line-height:var(--awb-typography1-line-height);\">MARC MART\u00cd: traject\u00f2ria, innovaci\u00f3 i evoluci\u00f3 constant<\/h2><\/div><div class=\"fusion-text fusion-text-1\"><p style=\"text-align: center;\" data-start=\"969\" data-end=\"1320\">La nostra hist\u00f2ria comen\u00e7a l\u2019any <strong data-start=\"1002\" data-end=\"1010\">1977<\/strong>, quan Marc Mart\u00ed neix com una de les empreses pioneres del sector en <strong data-start=\"1080\" data-end=\"1103\">publicitat exterior<\/strong> i <strong data-start=\"1106\" data-end=\"1134\">impressi\u00f3 en gran format<\/strong>. Des d\u2019aleshores, no hem deixat de cr\u00e9ixer ni d\u2019invertir en <strong data-start=\"1195\" data-end=\"1221\">innovaci\u00f3 i tecnologia<\/strong>, mantenint la il\u00b7lusi\u00f3 del primer dia i un servei d\u2019assessorament personalitzat per a cada client.<\/p>\n<p style=\"text-align: center;\" data-start=\"1322\" data-end=\"1480\">Al llarg dels anys hem treballat per a <strong data-start=\"1361\" data-end=\"1410\">marques i empreses nacionals i internacionals<\/strong>, aix\u00ed com per a esdeveniments culturals i esportius de primer nivell.<\/p>\n<\/div><\/div><\/div><div class=\"fusion-layout-column fusion_builder_column fusion-builder-column-3 fusion_builder_column_1_1 1_1 fusion-flex-column\" style=\"--awb-bg-size:cover;--awb-width-large:100%;--awb-margin-top-large:0px;--awb-spacing-right-large:1.92%;--awb-margin-bottom-large:20px;--awb-spacing-left-large:1.92%;--awb-width-medium:100%;--awb-order-medium:0;--awb-spacing-right-medium:1.92%;--awb-spacing-left-medium:1.92%;--awb-width-small:100%;--awb-order-small:0;--awb-spacing-right-small:1.92%;--awb-spacing-left-small:1.92%;\"><div class=\"fusion-column-wrapper fusion-column-has-shadow fusion-flex-justify-content-flex-start fusion-content-layout-column\"><div class=\"accordian fusion-accordian\" style=\"--awb-border-size:1px;--awb-icon-size:20px;--awb-content-font-size:var(--awb-typography4-font-size);--awb-icon-alignment:left;--awb-hover-color:var(--awb-color2);--awb-border-color:var(--awb-color3);--awb-background-color:var(--awb-color1);--awb-divider-color:var(--awb-color3);--awb-divider-hover-color:var(--awb-color3);--awb-icon-color:var(--awb-color1);--awb-title-color:var(--awb-color8);--awb-content-color:var(--awb-color8);--awb-icon-box-color:var(--awb-color5);--awb-toggle-hover-accent-color:var(--awb-color5);--awb-title-font-family:&quot;Barlow Condensed&quot;;--awb-title-font-weight:600;--awb-title-font-style:normal;--awb-title-font-size:24px;--awb-content-font-family:&quot;Barlow&quot;;--awb-content-font-style:normal;--awb-content-font-weight:400;\"><div class=\"panel-group fusion-toggle-icon-boxed\" id=\"accordion-1546-1\"><div class=\"fusion-panel panel-default panel-941ae3ab1732d5e33 fusion-toggle-no-divider\" style=\"--awb-title-color:var(--awb-color8);--awb-content-color:var(--awb-color8);\"><div class=\"panel-heading\"><h4 class=\"panel-title toggle\" id=\"toggle_941ae3ab1732d5e33\"><a aria-expanded=\"false\" aria-controls=\"941ae3ab1732d5e33\" role=\"button\" data-toggle=\"collapse\" data-target=\"#941ae3ab1732d5e33\" href=\"#941ae3ab1732d5e33\"><span class=\"fusion-toggle-icon-wrapper\" aria-hidden=\"true\"><i class=\"fa-fusion-box active-icon awb-icon-minus\" aria-hidden=\"true\"><\/i><i class=\"fa-fusion-box inactive-icon awb-icon-plus\" aria-hidden=\"true\"><\/i><\/span><span class=\"fusion-toggle-heading\">Diplomes, premis i reconeixements:<\/span><\/a><\/h4><\/div><div id=\"941ae3ab1732d5e33\" class=\"panel-collapse collapse \" aria-labelledby=\"toggle_941ae3ab1732d5e33\"><div class=\"panel-body toggle-content fusion-clearfix\">\n<p><strong>2022<\/strong> \u2013 Feria DIGICOM &#8211; DIGIAWARDS &#8211; Mejor centro de impresi\u00f3n digital del a\u00f1o en base a su innovaci\u00f3n, calidad, sostenibilidad y modelo de negocio.<\/p>\n<p><strong>2022<\/strong> \u2013 Fundaci\u00f3 Catalunya Cultura. Premi Empresa Cultura 2021.<\/p>\n<p><strong>2021<\/strong> \u2013 Veredictas, Premios de Comunicaci\u00f3n Visual y Gr\u00e1fica de Entorno 22a edici\u00f3n, SELECCI\u00d3N LETRA a la mejor aplicaci\u00f3n de imagen en la cobertura, por el proyecto Exposici\u00f3n monos.<\/p>\n<p><strong>2021<\/strong> \u2013 Veredictas, Premios de Comunicaci\u00f3n Visual y Gr\u00e1fica de Entorno 22a edici\u00f3n, SELECCI\u00d3N LETRA a la mejor aplicaci\u00f3n de imagen en interiorismo, por el proyecto Estimem el Bar\u00e7a.<\/p>\n<p><strong>2021<\/strong> \u2013 Veredictas, Premios de Comunicaci\u00f3n Visual y Gr\u00e1fica de Entorno 22a edici\u00f3n, LETRA DE ORO a la mejor aplicaci\u00f3n de un veh\u00edculo, al proyecto Avioneta Pantone.<\/p>\n<p><strong>2021<\/strong> \u2013 Projecte de Vida Professional, Barcelona Activa, Visita amb alumnes del D\u2019EP.<\/p>\n<p><strong>2020<\/strong> \u2013 Revista APDIGITALES, premio Ap\u00e9 2020, por el proyecto Gala Premios Goya.<\/p>\n<p><strong>2019<\/strong> \u2013 Veredictas, Premios de Comunicaci\u00f3n Visual y Gr\u00e1fica de Entorno 21a edici\u00f3n, LETRA DE PLATA a la mejor acci\u00f3n de publicidad en gran formato, por el proyecto El bosque ancestral.<\/p>\n<p><strong>2019<\/strong> \u2013 Veredictas, Premios de Comunicaci\u00f3n Visual y Gr\u00e1fica de Entorno 21a edici\u00f3n, LETRA DE ORO en el apartado miscel\u00e1ena, por el proyecto Jard\u00edn de la naturaleza.<\/p>\n<p><strong>2019<\/strong> \u2013 Veredictas, Premios de Comunicaci\u00f3n Visual y Gr\u00e1fica de Entorno 21a edici\u00f3n, LETRA DE PLATA en el apartado mejor cobertura de un evento, por el proyecto Expo Road to 100 de Automobile BCN<\/p>\n<p><strong>2018<\/strong> \u2013 Veredictas, Premios de Comunicaci\u00f3n Visual y Gr\u00e1fica de Entorno 20a edici\u00f3n, LETRA DE PLATA a la mejor rotulaci\u00f3n de interiorismo ef\u00edmero, por el proyecto Origen-Realidad-Futuro.<\/p>\n<p><strong>2018<\/strong> \u2013 Veredictas, Premios de Comunicaci\u00f3n Visual y Gr\u00e1fica de Entorno 20a edici\u00f3n, LETRA DE PLATA a la mejor estructural-display PLV, por el proyecto Stand Lermont.<\/p>\n<p><strong>2018<\/strong> \u2013 Veredictas, Premios de Comunicaci\u00f3n Visual y Gr\u00e1fica de Entorno 20a edici\u00f3n, LETRA DE ORO al mejor elemento en volumen, por el proyecto Dinosaurius cartonplus.<\/p>\n<p><strong>2018<\/strong> \u2013 Veredictas, Premios de Comunicaci\u00f3n Visual y Gr\u00e1fica de Entorno 20a edici\u00f3n, LETRA DE ORO a la mejor rotulaci\u00f3n de interiorismo estable, por el proyecto La cuina de Picasso.<\/p>\n<p><strong>2018<\/strong> \u2013 ADG FAD \u2013 Premi Laus de bronze, pel projecte \u201cAix\u00f2 \u00e9s una paret p\u00fablica!\u201d<\/p>\n<p><strong>2018<\/strong> \u2013 Revista APDIGITALES, premio Ap\u00e9 2018 a la trayectoria empresarial.<\/p>\n<p><strong>2017<\/strong> \u2013 Veredictas, Premios de Comunicaci\u00f3n Visual y Gr\u00e1fica de Entorno 19a edici\u00f3n, SELECCI\u00d3N LETRA al mejor elemento luminosos, por el proyecto Netscout MWC.<\/p>\n<p><strong>2017<\/strong> \u2013 Veredictas, Premios de Comunicaci\u00f3n Visual y Gr\u00e1fica de Entorno 19a edici\u00f3n, LETRA DE ORO al mejor sistema de directorios, por el proyecto Se\u00f1alizaci\u00f3n Campo Experience.<\/p>\n<p><strong>2017<\/strong> \u2013 Veredictas, Premios de Comunicaci\u00f3n Visual y Gr\u00e1fica de Entorno 19a edici\u00f3n, LETRA DE PLATA a la mejor cobertura de un evento, por el proyecto MEDIAPRO LIVE.<\/p>\n<p><strong>2017<\/strong> \u2013 Veredictas, Premios de Comunicaci\u00f3n Visual y Gr\u00e1fica de Entorno 19a edici\u00f3n, SELECCI\u00d3N LETRA a la mejor rotulaci\u00f3n de interiorismo estable, por el proyecto Ludoteca.<\/p>\n<p><strong>2016<\/strong> \u2013 Veredictas, Premios de Comunicaci\u00f3n Visual y Gr\u00e1fica de Entorno 18a edici\u00f3n, SELECCI\u00d3N LETRA a la mejor rotulaci\u00f3n de interiorismo ef\u00edmero, por el proyecto Expo natural.<\/p>\n<p><strong>2016<\/strong> \u2013 Veredictas, Premios de Comunicaci\u00f3n Visual y Gr\u00e1fica de Entorno 18a edici\u00f3n, LETRA DE ORO, al mejor elemento de volumen, por el proyecto STANDS SAP.<\/p>\n<p><strong>2016<\/strong> \u2013 Veredictas, Premios de Comunicaci\u00f3n Visual y Gr\u00e1fica de Entorno 18a edici\u00f3n, SELECCI\u00d3N LETRA a la mejor cobertura de un evento, por el proyecto Las flores de la paz.<\/p>\n<p><strong>2016<\/strong> \u2013 Veredictas, Premios de Comunicaci\u00f3n Visual y Gr\u00e1fica de Entorno 18a edici\u00f3n, LETRA DE ORO a la mejor rotulaci\u00f3n en interiorismo estable, por el proyecto Terraza 360.<\/p>\n<p><strong>2016<\/strong> \u2013 Veredictas, Premios de Comunicaci\u00f3n Visual y Gr\u00e1fica de Entorno 18a edici\u00f3n, LETRA DE PLATA a la mejor cobertura de evento, por el proyecto Final Top 14 Rugby.<\/p>\n<p><strong>2012<\/strong> \u2013 Premio Pixel, Imagen institucional para la Comunicaci\u00f3n y Publicida en general.<\/p>\n<p><strong>2012<\/strong> \u2013 Veredictas, Premios internacionales de Comunicaci\u00f3n Visual y Gr\u00e1fica de Entorno de Espa\u00f1a y Portugal XIII edici\u00f3n, Selecci\u00f3n Letra Roland al mejor Trabajo de interiorism0 estable, por el proyecto PLANO A\u00c9REO SUELO.<\/p>\n<p><strong>2012<\/strong> \u2013 Veredictas, Premios internacionales de Comunicaci\u00f3n Visual y Gr\u00e1fica de Entorno de Espa\u00f1a y Portugal XIII edici\u00f3n, Selecci\u00f3n Letra Roland a la mejor aplicaci\u00f3n de impresi\u00f3n digital sobre un producto industrial, por el proyecto FUTTOC.<\/p>\n<p><strong>2012<\/strong> \u2013 Veredictas, Premios internacionales de Comunicaci\u00f3n Visual y Gr\u00e1fica de Entorno de Espa\u00f1a y Portugal XIII edici\u00f3n, Selecci\u00f3n Letra Roland a la mejor aplicaci\u00f3n de imagen corporativa, por el proyecto IMPRESI\u00d3N 3D.<\/p>\n<p><strong>2009<\/strong> \u2013 Philips, Certificate of approval, LED Signage Partner.<\/p>\n<p><strong>2009<\/strong> \u2013 Eniclop\u00e8dia Catalana, Certificat de col\u00b7laborador honorari.<\/p>\n<p><strong>2007<\/strong> \u2013 Patrocinador oficial de l\u2019equip JURASSIC b\u00e0squet, primer classificat del Campionat Territorial de Catalunya, 3a Categoria Femenina B.<\/p>\n<p><strong>2006<\/strong> \u2013 Gremi d\u2019Ind\u00fastries Gr\u00e0fiques de BCN \u2013 55\u00e8 Concurs d\u2019Arts Gr\u00e0fiques, Premi Expositor de disseny.<\/p>\n<p><strong>2006<\/strong> \u2013 Gremi d\u2019Ind\u00fastries Gr\u00e0fiques de BCN \u2013 55\u00e8 Concurs d\u2019Arts Gr\u00e0fiques, Premi Llibre d\u2019\u00f2fset sec.<\/p>\n<p><strong>2005<\/strong> \u2013 Barna Fil 2005 \u2013 reconeixement de participaci\u00f3.<\/p>\n<p><strong>2005<\/strong> \u2013 La Marat\u00f3 de TV3 \u2013 Suport a la organitzaci\u00f3 dedicada a la recerca cient\u00edfica en el camp de l\u2019alzheimer i altres malaties del cervell.<\/p>\n<p><strong>2005<\/strong> \u2013 Premios Nacionales de Comunicaci\u00f3n Visual y Gr\u00e1fica de Entorno VI edici\u00f3n, PREMIO LETRA ESPECIAL a la trayectoria profesional.<\/p>\n<p><strong>2004<\/strong> \u2013 Premios Nacionales de Comunicaci\u00f3n Visual y Gr\u00e1fica de Entorno 5\u00aa edici\u00f3n, finalista a la mejor rotulaci\u00f3n de flota, por el proyecto Tomb Bus Nadal.<\/p>\n<p><strong>2004<\/strong> \u2013 Premios Nacionales de Comunicaci\u00f3n Visual y Gr\u00e1fica de Entorno 5\u00aa edici\u00f3n, acc\u00e9sit la mejor rotulaci\u00f3n de interiorismo ef\u00edmero, por el proyecto Benq Uefa.<\/p>\n<p><strong>2004<\/strong> \u2013 Premios Nacionales de Comunicaci\u00f3n Visual y Gr\u00e1fica de Entorno 5\u00aa edici\u00f3n, finalista a la Mejor aplicaci\u00f3n de imagen corporativa, por el proyecto Diagonal Mar.<\/p>\n<p><strong>2003<\/strong> \u2013 Barna fil, XVIII del segell, la moneda i el col\u00b7leccionisme, Diploma d\u2019agra\u00efment.<\/p>\n<p><strong>2003<\/strong> \u2013 Premios Nacionales de Comunicaci\u00f3n Visual y Gr\u00e1fica de Entorno 4\u00aa edici\u00f3n, premio a la mejor lona fachada, por el proyecto Estrella Damm.<\/p>\n<p><strong>2003<\/strong> \u2013 La Marat\u00f3 de TV3 \u2013 Suport a la organitzaci\u00f3 dedicada a la recerca cient\u00edfica en el camp de les malalties respirat\u00f2ries cr\u00f2niques.<\/p>\n<p><strong>2003<\/strong> \u2013 Museu de Vilafranca, Museu del Vi, Amic d\u2019honor.<\/p>\n<p><strong>2003<\/strong> \u2013 200 metres de solidaritat, col\u00b7laboraci\u00f3 en el muntatge del R\u00e8cord Mundial del Circuit d\u2019slot m\u00e9s llarg.<\/p>\n<p><strong>2002<\/strong> \u2013 Anu\u00e0ria, 8a edici\u00f3, Fira d\u2019Igualada, Finalista pel treball Web Marc Mart\u00ed.<\/p>\n<p><strong>2002<\/strong> \u2013 La Marat\u00f3 de TV3 \u2013 Suport a la organitzaci\u00f3 dedicada a la recerca cient\u00edfica en el camp de les malalties inflamat\u00f2ries cr\u00f2niques.<\/p>\n<p><strong>2002<\/strong> \u2013 Premios Nacionales de Comunicaci\u00f3n Visual y Gr\u00e1fica de Entorno 3\u00aa edici\u00f3n, premio a la mejor rotulaci\u00f3n, por el proyecto Martini.<\/p>\n<p><strong>2002<\/strong> \u2013 Premios Nacionales de Comunicaci\u00f3n Visual y Gr\u00e1fica de Entorno 3\u00aa edici\u00f3n, finalista al mejor elemento de comunicaci\u00f3n visual volum\u00e9trico, por el proyecto Ascensor Centro Comercial.<\/p>\n<p><strong>2002<\/strong> \u2013 Premios Nacionales de Comunicaci\u00f3n Visual y Gr\u00e1fica de Entorno 3\u00aa edici\u00f3n, finalista a la mejor rotulaci\u00f3n de un vag\u00f3n de ferrocarril, al proyecto loisjeans.com.<\/p>\n<p><strong>2002<\/strong> \u2013 Premios Nacionales de Comunicaci\u00f3n Visual y Gr\u00e1fica de Entorno 3\u00aa edici\u00f3n, finalista a la mejor rotulaci\u00f3n de vehiculo, por el proyecto Bacard\u00ed.<\/p>\n<p><strong>2002<\/strong> \u2013 Premios Nacionales de Comunicaci\u00f3n Visual y Gr\u00e1fica de Entorno 3\u00aa edici\u00f3n, finalista a la mejor rotulaci\u00f3n de vehiculo, por el proyecto Vila viniteca.<\/p>\n<p><strong>2002<\/strong> \u2013 Premios Nacionales de Comunicaci\u00f3n Visual y Gr\u00e1fica de Entorno 3\u00aa edici\u00f3n, finalista al mejor stand, por el proyecto Diagonal Mar.<\/p>\n<p><strong>2002<\/strong> \u2013 Premios Nacionales de Comunicaci\u00f3n Visual y Gr\u00e1fica de Entorno 3\u00aa edici\u00f3n, finalista miscel\u00b7l\u00e0nia, por el proyecto Escenari.<\/p>\n<p><strong>2001<\/strong> \u2013 La Marat\u00f3 de TV3 \u2013 Suport a la organitzaci\u00f3 dedicada a la recerca cient\u00edfica en el camp de la Sida.<\/p>\n<p><strong>1999<\/strong> \u2013 Col\u00b7legi de Publicitaris i Relacions P\u00fabliques de Catalunya, T\u00edtol de Col\u00b7legiat fundador.<\/p>\n<p><strong>1999<\/strong> \u2013 Ajuntament de Barcelona \u2013 Diploma per l\u2019aportaci\u00f3 efectuada a la renovaci\u00f3 del paisatge urb\u00e0 de la ciutat de Barcelona \u2013 Barcelona posa\u2019t guapa. 1994-1999.<\/p>\n<p><strong>1998<\/strong> \u2013 La Marat\u00f3 de TV3 \u2013 Suport en l\u2019edici\u00f3 dedicada a la recerca cient\u00edfica de la diabetis.<\/p>\n<p><strong>1998<\/strong> \u2013 ADG FAD \u2013 Trofeu Laus de Comunicac\u00f3 gr\u00e0fica exterior; Obra Nu.<\/p>\n<p><strong>1996<\/strong> \u2013 Gremi d\u2019Ind\u00fastries Gr\u00e0fiques de BCN \u2013 45\u00e8 Concurs d\u2019Arts Gr\u00e0fiques, Premi.<\/p>\n<p><strong>1996<\/strong> \u2013 Selecci\u00f3n anual de la Asociaci\u00f3n de Dise\u00f1adores Gr\u00e1ficos FAD. Los Laus. Obra M\u00f3vil.<\/p>\n<p><strong>1996<\/strong> \u2013 Selecci\u00f3n anual de la Asociaci\u00f3n de Dise\u00f1adores Gr\u00e1ficos FAD. Los Laus. Obra Exposici\u00f3 Andy Warhol \u2013 L\u00ednia d\u2019imatge.<\/p>\n<p><strong>1995<\/strong> \u2013 Gremi d\u2019Ind\u00fastries Gr\u00e0fiques de BCN \u2013 44\u00e8 Concurs d\u2019Arts Gr\u00e0fiques, Acc\u00e8ssit.<\/p>\n<p><strong>1995<\/strong> \u2013 La Marat\u00f3 de TV3 \u2013 Suport a l\u2019organitzaci\u00f3 en l\u2019edici\u00f3 dedicada a la recerca gen\u00e8tica de les malalties cardiovasculars.<\/p>\n<p><strong>1992<\/strong> \u2013 ADG FAD \u2013 Trofeu Laus Bronze; Obra Look Ol\u00edmpic.<\/p>\n<p><strong>1992<\/strong> \u2013 Gremi d\u2019Ind\u00fastries Gr\u00e0fiques de BCN \u2013 44\u00e8 Concurs d\u2019Arts Gr\u00e0fiques, Premi.<\/p>\n<p><strong>1988<\/strong> \u2013 Generalitat de Catalunya, registre d\u2019Ag\u00e8ncia de Publicitat General.<\/p>\n<p><strong>1987<\/strong> \u2013 XI Fira Agr\u00edcola i Comercial \u2013 III Mostra d\u2019Artesania \u2013 Participaci\u00f3 expositor.<\/p>\n<p><strong>1986<\/strong> \u2013 Congr\u00e9s Internacional de la Llengua catalana, Congressista Col\u00b7laborador.<\/p>\n<\/div><\/div><\/div><\/div><\/div><\/div><\/div><\/div><\/div><div class=\"fusion-fullwidth fullwidth-box fusion-builder-row-3 fusion-flex-container has-pattern-background has-mask-background nonhundred-percent-fullwidth non-hundred-percent-height-scrolling fusion-animated reverse-columns\" style=\"--awb-border-radius-top-left:0px;--awb-border-radius-top-right:0px;--awb-border-radius-bottom-right:0px;--awb-border-radius-bottom-left:0px;--awb-padding-top:80px;--awb-padding-bottom:80px;--awb-background-color:var(--awb-color8);--awb-flex-wrap:wrap;\" data-animationType=\"slideInUp\" data-animationDuration=\"1.5\" data-animationOffset=\"top-into-view\" ><div class=\"fusion-builder-row fusion-row fusion-flex-align-items-center fusion-flex-justify-content-center fusion-flex-content-wrap\" style=\"max-width:1248px;margin-left: calc(-4% \/ 2 );margin-right: calc(-4% \/ 2 );\"><div class=\"fusion-layout-column fusion_builder_column fusion-builder-column-4 fusion_builder_column_3_5 3_5 fusion-flex-column fusion-animated\" style=\"--awb-bg-size:cover;--awb-width-large:60%;--awb-margin-top-large:0px;--awb-spacing-right-large:3.2%;--awb-margin-bottom-large:40px;--awb-spacing-left-large:3.2%;--awb-width-medium:60%;--awb-order-medium:0;--awb-spacing-right-medium:3.2%;--awb-spacing-left-medium:3.2%;--awb-width-small:100%;--awb-order-small:0;--awb-spacing-right-small:1.92%;--awb-spacing-left-small:1.92%;\" data-animationType=\"slideInLeft\" data-animationDuration=\"1.5\" data-animationOffset=\"top-into-view\"><div class=\"fusion-column-wrapper fusion-column-has-shadow fusion-flex-justify-content-flex-start fusion-content-layout-column\"><div class=\"fusion-title title fusion-title-5 fusion-sep-none fusion-title-center fusion-title-text fusion-title-size-two\" style=\"--awb-text-color:var(--awb-color5);--awb-margin-top-small:10px;--awb-margin-right-small:0px;--awb-margin-bottom-small:10px;--awb-margin-left-small:0px;\"><h2 class=\"fusion-title-heading title-heading-center fusion-responsive-typography-calculated\" style=\"margin:0;--fontSize:55;line-height:var(--awb-typography1-line-height);\">EQUIP HUM\u00c0: m\u00e9s de 80 professionals especialitzats<\/h2><\/div><div class=\"fusion-text fusion-text-2\" style=\"--awb-text-color:var(--awb-color1);\"><p style=\"text-align: center;\" data-start=\"1907\" data-end=\"2261\">Marc Mart\u00ed est\u00e0 format per <strong data-start=\"1934\" data-end=\"1960\">m\u00e9s de 80 treballadors<\/strong>, organitzats per departaments (Comercial, Gesti\u00f3 de Projectes, Gr\u00e0fic i Preimpressi\u00f3, Taller, Administraci\u00f3, Compres i Instal\u00b7lacions i Muntatges). Aquesta estructura aporta un avantatge clau: cada fase del projecte es gestiona per especialistes, millorant la precisi\u00f3, els temps i la qualitat final.<\/p>\n<p style=\"text-align: center;\" data-start=\"2263\" data-end=\"2507\">El nostre equip combina experi\u00e8ncia en <strong data-start=\"2302\" data-end=\"2324\">comunicaci\u00f3 visual<\/strong>, coneixement t\u00e8cnic de materials i acabats, i capacitat d\u2019execuci\u00f3 en entorns exigents (alta aflu\u00e8ncia, instal\u00b7lacions nocturnes, muntatge en al\u00e7ada, campanyes amb terminis tancats).<\/p>\n<\/div><\/div><\/div><div class=\"fusion-layout-column fusion_builder_column fusion-builder-column-5 fusion_builder_column_2_5 2_5 fusion-flex-column fusion-animated\" style=\"--awb-bg-size:cover;--awb-width-large:40%;--awb-margin-top-large:0px;--awb-spacing-right-large:4.8%;--awb-margin-bottom-large:40px;--awb-spacing-left-large:4.8%;--awb-width-medium:40%;--awb-order-medium:0;--awb-spacing-right-medium:4.8%;--awb-spacing-left-medium:4.8%;--awb-width-small:100%;--awb-order-small:0;--awb-spacing-right-small:1.92%;--awb-spacing-left-small:1.92%;\" data-animationType=\"slideInRight\" data-animationDuration=\"1.5\" data-animationOffset=\"top-into-view\"><div class=\"fusion-column-wrapper fusion-column-has-shadow fusion-flex-justify-content-flex-start fusion-content-layout-column\"><div class=\"fusion-image-element \" style=\"text-align:center;--awb-margin-bottom:20px;--awb-caption-title-font-family:var(--h2_typography-font-family);--awb-caption-title-font-weight:var(--h2_typography-font-weight);--awb-caption-title-font-style:var(--h2_typography-font-style);--awb-caption-title-size:var(--h2_typography-font-size);--awb-caption-title-transform:var(--h2_typography-text-transform);--awb-caption-title-line-height:var(--h2_typography-line-height);--awb-caption-title-letter-spacing:var(--h2_typography-letter-spacing);\"><span class=\" fusion-imageframe imageframe-none imageframe-2 hover-type-none\"><img decoding=\"async\" width=\"500\" height=\"350\" src=\"https:\/\/marc-marti.com\/wp-content\/uploads\/2022\/08\/002-marc-marti-equip-huma.jpg\" alt class=\"img-responsive wp-image-998\" srcset=\"https:\/\/marc-marti.com\/wp-content\/uploads\/2022\/08\/002-marc-marti-equip-huma-200x140.jpg 200w, https:\/\/marc-marti.com\/wp-content\/uploads\/2022\/08\/002-marc-marti-equip-huma-400x280.jpg 400w, https:\/\/marc-marti.com\/wp-content\/uploads\/2022\/08\/002-marc-marti-equip-huma.jpg 500w\" sizes=\"(max-width: 640px) 100vw, 500px\" \/><\/span><\/div><\/div><\/div><\/div><\/div><div class=\"fusion-fullwidth fullwidth-box fusion-builder-row-4 fusion-flex-container has-pattern-background has-mask-background nonhundred-percent-fullwidth non-hundred-percent-height-scrolling fusion-animated\" style=\"--awb-border-radius-top-left:0px;--awb-border-radius-top-right:0px;--awb-border-radius-bottom-right:0px;--awb-border-radius-bottom-left:0px;--awb-padding-top:80px;--awb-padding-bottom:80px;--awb-background-color:var(--awb-color5);--awb-flex-wrap:wrap;\" data-animationType=\"slideInUp\" data-animationDuration=\"1.5\" data-animationOffset=\"top-into-view\" ><div class=\"fusion-builder-row fusion-row fusion-flex-align-items-center fusion-flex-justify-content-center fusion-flex-content-wrap\" style=\"max-width:1248px;margin-left: calc(-4% \/ 2 );margin-right: calc(-4% \/ 2 );\"><div class=\"fusion-layout-column fusion_builder_column fusion-builder-column-6 fusion_builder_column_2_5 2_5 fusion-flex-column fusion-animated\" style=\"--awb-bg-size:cover;--awb-width-large:40%;--awb-margin-top-large:0px;--awb-spacing-right-large:4.8%;--awb-margin-bottom-large:20px;--awb-spacing-left-large:4.8%;--awb-width-medium:40%;--awb-order-medium:0;--awb-spacing-right-medium:4.8%;--awb-spacing-left-medium:4.8%;--awb-width-small:100%;--awb-order-small:0;--awb-spacing-right-small:1.92%;--awb-spacing-left-small:1.92%;\" data-animationType=\"slideInLeft\" data-animationDuration=\"1.5\" data-animationOffset=\"top-into-view\"><div class=\"fusion-column-wrapper fusion-column-has-shadow fusion-flex-justify-content-flex-start fusion-content-layout-column\"><div class=\"fusion-image-element \" style=\"text-align:center;--awb-margin-bottom:20px;--awb-caption-title-font-family:var(--h2_typography-font-family);--awb-caption-title-font-weight:var(--h2_typography-font-weight);--awb-caption-title-font-style:var(--h2_typography-font-style);--awb-caption-title-size:var(--h2_typography-font-size);--awb-caption-title-transform:var(--h2_typography-text-transform);--awb-caption-title-line-height:var(--h2_typography-line-height);--awb-caption-title-letter-spacing:var(--h2_typography-letter-spacing);\"><span class=\" fusion-imageframe imageframe-none imageframe-3 hover-type-none\"><img decoding=\"async\" width=\"500\" height=\"350\" title=\"Rho 700-IX40005-E.indd\" src=\"https:\/\/marc-marti.com\/wp-content\/uploads\/2022\/08\/003-marc-marti-capacitat-productiva.jpg\" alt class=\"img-responsive wp-image-999\" srcset=\"https:\/\/marc-marti.com\/wp-content\/uploads\/2022\/08\/003-marc-marti-capacitat-productiva-200x140.jpg 200w, https:\/\/marc-marti.com\/wp-content\/uploads\/2022\/08\/003-marc-marti-capacitat-productiva-400x280.jpg 400w, https:\/\/marc-marti.com\/wp-content\/uploads\/2022\/08\/003-marc-marti-capacitat-productiva.jpg 500w\" sizes=\"(max-width: 640px) 100vw, 500px\" \/><\/span><\/div><\/div><\/div><div class=\"fusion-layout-column fusion_builder_column fusion-builder-column-7 fusion_builder_column_3_5 3_5 fusion-flex-column fusion-animated\" style=\"--awb-bg-size:cover;--awb-width-large:60%;--awb-margin-top-large:0px;--awb-spacing-right-large:3.2%;--awb-margin-bottom-large:20px;--awb-spacing-left-large:3.2%;--awb-width-medium:60%;--awb-order-medium:0;--awb-spacing-right-medium:3.2%;--awb-spacing-left-medium:3.2%;--awb-width-small:100%;--awb-order-small:0;--awb-spacing-right-small:1.92%;--awb-spacing-left-small:1.92%;\" data-animationType=\"slideInRight\" data-animationDuration=\"1.5\" data-animationOffset=\"top-into-view\"><div class=\"fusion-column-wrapper fusion-column-has-shadow fusion-flex-justify-content-flex-start fusion-content-layout-column\"><div class=\"fusion-title title fusion-title-6 fusion-sep-none fusion-title-center fusion-title-text fusion-title-size-two\" style=\"--awb-text-color:var(--awb-color8);--awb-margin-top-small:10px;--awb-margin-right-small:0px;--awb-margin-bottom-small:10px;--awb-margin-left-small:0px;\"><h2 class=\"fusion-title-heading title-heading-center fusion-responsive-typography-calculated\" style=\"margin:0;--fontSize:55;line-height:var(--awb-typography1-line-height);\">CAPACITAT PRODUCTIVA<\/h2><\/div><div class=\"fusion-text fusion-text-3\"><p style=\"text-align: center;\">La nostra infraestructura i parc industrial, ens permeten garantir la realitzaci\u00f3 de tots els serveis directament als nostres departaments, tallers i magatzems propis, gestionats per la nostra \u00e0rea t\u00e8cnica de control.<\/p>\n<p style=\"text-align: center;\">Tots els treballs sempre s\u00f3n efectuats pels t\u00e8cnics, operaris i instal\u00b7ladors oficials. Aquest fet ens permet oferir una m\u00e0xima garantia de qualitat. Donem un servei integral des de l&#8217;inici fins al final, tot esperant la conformitat del client.<\/p>\n<p style=\"text-align: center;\">Treballem, en l\u2019\u00e0mbit nacional i europeu, les 24 hores del dia, durant els 365 dies de l&#8217;any.<\/p>\n<\/div><\/div><\/div><\/div><\/div><div class=\"fusion-fullwidth fullwidth-box fusion-builder-row-5 fusion-flex-container has-pattern-background has-mask-background nonhundred-percent-fullwidth non-hundred-percent-height-scrolling reverse-columns\" style=\"--awb-border-radius-top-left:0px;--awb-border-radius-top-right:0px;--awb-border-radius-bottom-right:0px;--awb-border-radius-bottom-left:0px;--awb-padding-top:80px;--awb-padding-bottom:80px;--awb-background-color:var(--awb-color1);--awb-flex-wrap:wrap;\" ><div class=\"fusion-builder-row fusion-row fusion-flex-align-items-center fusion-flex-justify-content-center fusion-flex-content-wrap\" style=\"max-width:1248px;margin-left: calc(-4% \/ 2 );margin-right: calc(-4% \/ 2 );\"><div class=\"fusion-layout-column fusion_builder_column fusion-builder-column-8 fusion_builder_column_3_5 3_5 fusion-flex-column fusion-animated\" style=\"--awb-bg-size:cover;--awb-width-large:60%;--awb-margin-top-large:0px;--awb-spacing-right-large:3.2%;--awb-margin-bottom-large:40px;--awb-spacing-left-large:3.2%;--awb-width-medium:60%;--awb-order-medium:0;--awb-spacing-right-medium:3.2%;--awb-spacing-left-medium:3.2%;--awb-width-small:100%;--awb-order-small:0;--awb-spacing-right-small:1.92%;--awb-spacing-left-small:1.92%;\" data-animationType=\"slideInLeft\" data-animationDuration=\"1.5\" data-animationOffset=\"top-into-view\"><div class=\"fusion-column-wrapper fusion-column-has-shadow fusion-flex-justify-content-flex-start fusion-content-layout-column\"><div class=\"fusion-title title fusion-title-7 fusion-sep-none fusion-title-center fusion-title-text fusion-title-size-two\" style=\"--awb-text-color:var(--awb-color5);--awb-margin-top-small:10px;--awb-margin-right-small:0px;--awb-margin-bottom-small:10px;--awb-margin-left-small:0px;\"><h2 class=\"fusion-title-heading title-heading-center fusion-responsive-typography-calculated\" style=\"margin:0;--fontSize:55;line-height:var(--awb-typography1-line-height);\">EQUIPAMENT TECNOL\u00d2GIC: gran format fins a 5 metres i acabats avan\u00e7ats<\/h2><\/div><div class=\"fusion-text fusion-text-4\"><p data-start=\"3157\" data-end=\"3361\">Per respondre a les exig\u00e8ncies t\u00e8cniques del mercat, mantenim i renovem de manera constant el nostre parc industrial. Disposem d\u2019equips d\u2019<strong data-start=\"3295\" data-end=\"3331\">impressi\u00f3 digital de gran format<\/strong> d\u2019\u00faltima generaci\u00f3, incloent:<\/p>\n<ul data-start=\"3363\" data-end=\"3685\">\n<li data-start=\"3363\" data-end=\"3443\">\n<p data-start=\"3365\" data-end=\"3443\"><strong data-start=\"3365\" data-end=\"3388\">Impressi\u00f3 en bobina<\/strong> amb ample de fins a <strong data-start=\"3409\" data-end=\"3419\">500 cm<\/strong> i longitud continuada<\/p>\n<\/li>\n<li data-start=\"3444\" data-end=\"3478\">\n<p data-start=\"3446\" data-end=\"3478\"><strong data-start=\"3446\" data-end=\"3466\">Impressi\u00f3 en pla<\/strong> (flatbed)<\/p>\n<\/li>\n<li data-start=\"3479\" data-end=\"3529\">\n<p data-start=\"3481\" data-end=\"3529\"><strong data-start=\"3481\" data-end=\"3500\">Pl\u00f2ters de tall<\/strong>, <strong data-start=\"3502\" data-end=\"3512\">fresat<\/strong>, <strong data-start=\"3514\" data-end=\"3527\">troquelat<\/strong><\/p>\n<\/li>\n<li data-start=\"3530\" data-end=\"3571\">\n<p data-start=\"3532\" data-end=\"3571\">Equips de <strong data-start=\"3542\" data-end=\"3555\">confecci\u00f3<\/strong> i <strong data-start=\"3558\" data-end=\"3569\">acabats<\/strong><\/p>\n<\/li>\n<li data-start=\"3572\" data-end=\"3685\">\n<p data-start=\"3574\" data-end=\"3685\">Maquin\u00e0ria espec\u00edfica per a tallers de <strong data-start=\"3613\" data-end=\"3631\">metal\u00b7listeria<\/strong>, <strong data-start=\"3633\" data-end=\"3648\">estructures<\/strong>, <strong data-start=\"3650\" data-end=\"3666\">electricitat<\/strong> i <strong data-start=\"3669\" data-end=\"3685\">il\u00b7luminaci\u00f3<\/strong><\/p>\n<\/li>\n<\/ul>\n<p data-start=\"3687\" data-end=\"3891\">Aix\u00f2 ens permet executar solucions de comunicaci\u00f3 visual amb control t\u00e8cnic: des d\u2019elements temporals fins a aplicacions de llarga durada, sempre amb el suport, l\u2019acabat i el sistema de muntatge adequats.<\/p>\n<\/div><\/div><\/div><div class=\"fusion-layout-column fusion_builder_column fusion-builder-column-9 fusion_builder_column_2_5 2_5 fusion-flex-column fusion-animated\" style=\"--awb-bg-size:cover;--awb-width-large:40%;--awb-margin-top-large:0px;--awb-spacing-right-large:4.8%;--awb-margin-bottom-large:40px;--awb-spacing-left-large:4.8%;--awb-width-medium:40%;--awb-order-medium:0;--awb-spacing-right-medium:4.8%;--awb-spacing-left-medium:4.8%;--awb-width-small:100%;--awb-order-small:0;--awb-spacing-right-small:1.92%;--awb-spacing-left-small:1.92%;\" data-animationType=\"slideInRight\" data-animationDuration=\"1.5\" data-animationOffset=\"top-into-view\"><div class=\"fusion-column-wrapper fusion-column-has-shadow fusion-flex-justify-content-flex-start fusion-content-layout-column\"><div class=\"fusion-image-element \" style=\"text-align:center;--awb-margin-bottom:20px;--awb-caption-title-font-family:var(--h2_typography-font-family);--awb-caption-title-font-weight:var(--h2_typography-font-weight);--awb-caption-title-font-style:var(--h2_typography-font-style);--awb-caption-title-size:var(--h2_typography-font-size);--awb-caption-title-transform:var(--h2_typography-text-transform);--awb-caption-title-line-height:var(--h2_typography-line-height);--awb-caption-title-letter-spacing:var(--h2_typography-letter-spacing);\"><span class=\" fusion-imageframe imageframe-none imageframe-4 hover-type-none\"><img decoding=\"async\" width=\"500\" height=\"350\" title=\"Rho 700-IX40005-E.indd\" src=\"https:\/\/marc-marti.com\/wp-content\/uploads\/2022\/08\/004-marc-marti-equipament-tecno.jpg\" alt class=\"img-responsive wp-image-1000\" srcset=\"https:\/\/marc-marti.com\/wp-content\/uploads\/2022\/08\/004-marc-marti-equipament-tecno-200x140.jpg 200w, https:\/\/marc-marti.com\/wp-content\/uploads\/2022\/08\/004-marc-marti-equipament-tecno-400x280.jpg 400w, https:\/\/marc-marti.com\/wp-content\/uploads\/2022\/08\/004-marc-marti-equipament-tecno.jpg 500w\" sizes=\"(max-width: 640px) 100vw, 500px\" \/><\/span><\/div><\/div><\/div><\/div><\/div><div class=\"fusion-fullwidth fullwidth-box fusion-builder-row-6 fusion-flex-container has-pattern-background has-mask-background nonhundred-percent-fullwidth non-hundred-percent-height-scrolling fusion-animated\" style=\"--awb-border-radius-top-left:0px;--awb-border-radius-top-right:0px;--awb-border-radius-bottom-right:0px;--awb-border-radius-bottom-left:0px;--awb-padding-top:80px;--awb-padding-bottom:80px;--awb-background-color:var(--awb-color8);--awb-flex-wrap:wrap;\" data-animationType=\"slideInUp\" data-animationDuration=\"1.5\" data-animationOffset=\"top-into-view\" ><div class=\"fusion-builder-row fusion-row fusion-flex-align-items-center fusion-flex-justify-content-center fusion-flex-content-wrap\" style=\"max-width:1248px;margin-left: calc(-4% \/ 2 );margin-right: calc(-4% \/ 2 );\"><div class=\"fusion-layout-column fusion_builder_column fusion-builder-column-10 fusion_builder_column_2_5 2_5 fusion-flex-column fusion-animated\" style=\"--awb-bg-size:cover;--awb-width-large:40%;--awb-margin-top-large:0px;--awb-spacing-right-large:4.8%;--awb-margin-bottom-large:20px;--awb-spacing-left-large:4.8%;--awb-width-medium:40%;--awb-order-medium:0;--awb-spacing-right-medium:4.8%;--awb-spacing-left-medium:4.8%;--awb-width-small:100%;--awb-order-small:0;--awb-spacing-right-small:1.92%;--awb-spacing-left-small:1.92%;\" data-animationType=\"slideInLeft\" data-animationDuration=\"1.5\" data-animationOffset=\"top-into-view\"><div class=\"fusion-column-wrapper fusion-column-has-shadow fusion-flex-justify-content-flex-start fusion-content-layout-column\"><div class=\"fusion-image-element \" style=\"text-align:center;--awb-margin-bottom:20px;--awb-caption-title-font-family:var(--h2_typography-font-family);--awb-caption-title-font-weight:var(--h2_typography-font-weight);--awb-caption-title-font-style:var(--h2_typography-font-style);--awb-caption-title-size:var(--h2_typography-font-size);--awb-caption-title-transform:var(--h2_typography-text-transform);--awb-caption-title-line-height:var(--h2_typography-line-height);--awb-caption-title-letter-spacing:var(--h2_typography-letter-spacing);\"><span class=\" fusion-imageframe imageframe-none imageframe-5 hover-type-none\"><img decoding=\"async\" width=\"500\" height=\"350\" title=\"Rho 700-IX40005-E.indd\" src=\"https:\/\/marc-marti.com\/wp-content\/uploads\/2022\/08\/005-marc-marti-flota.jpg\" alt class=\"img-responsive wp-image-1001\" srcset=\"https:\/\/marc-marti.com\/wp-content\/uploads\/2022\/08\/005-marc-marti-flota-200x140.jpg 200w, https:\/\/marc-marti.com\/wp-content\/uploads\/2022\/08\/005-marc-marti-flota-400x280.jpg 400w, https:\/\/marc-marti.com\/wp-content\/uploads\/2022\/08\/005-marc-marti-flota.jpg 500w\" sizes=\"(max-width: 640px) 100vw, 500px\" \/><\/span><\/div><\/div><\/div><div class=\"fusion-layout-column fusion_builder_column fusion-builder-column-11 fusion_builder_column_3_5 3_5 fusion-flex-column fusion-animated\" style=\"--awb-bg-size:cover;--awb-width-large:60%;--awb-margin-top-large:0px;--awb-spacing-right-large:3.2%;--awb-margin-bottom-large:20px;--awb-spacing-left-large:3.2%;--awb-width-medium:60%;--awb-order-medium:0;--awb-spacing-right-medium:3.2%;--awb-spacing-left-medium:3.2%;--awb-width-small:100%;--awb-order-small:0;--awb-spacing-right-small:1.92%;--awb-spacing-left-small:1.92%;\" data-animationType=\"slideInRight\" data-animationDuration=\"1.5\" data-animationOffset=\"top-into-view\"><div class=\"fusion-column-wrapper fusion-column-has-shadow fusion-flex-justify-content-flex-start fusion-content-layout-column\"><div class=\"fusion-title title fusion-title-8 fusion-sep-none fusion-title-center fusion-title-text fusion-title-size-two\" style=\"--awb-text-color:var(--awb-color5);--awb-margin-top-small:10px;--awb-margin-right-small:0px;--awb-margin-bottom-small:10px;--awb-margin-left-small:0px;\"><h2 class=\"fusion-title-heading title-heading-center fusion-responsive-typography-calculated\" style=\"margin:0;--fontSize:55;line-height:var(--awb-typography1-line-height);\">FLOTA PR\u00d2PIA I INSTAL\u00b7LACI\u00d3: rapidesa, seguretat i muntatge en al\u00e7ada<\/h2><\/div><div class=\"fusion-text fusion-text-5\" style=\"--awb-text-color:var(--awb-color1);\"><p style=\"text-align: center;\" data-start=\"3967\" data-end=\"4255\">Comptem amb <strong data-start=\"3979\" data-end=\"3995\">flota pr\u00f2pia<\/strong> (vehicles, furgonetes, motos, camions) i <strong data-start=\"4037\" data-end=\"4077\">grues amb al\u00e7ada de m\u00e9s de 20 metres<\/strong>. Aquesta capacitat ens ajuda a optimitzar terminis de lliurament i muntatge, especialment en projectes que requereixen transportar volum important de materials i equips t\u00e8cnics.<\/p>\n<p style=\"text-align: center;\" data-start=\"4257\" data-end=\"4489\">Si la teva campanya necessita implantaci\u00f3 r\u00e0pida (per exemple, en centres comercials, fa\u00e7anes o esdeveniments), la combinaci\u00f3 de <strong data-start=\"4386\" data-end=\"4426\">producci\u00f3 + log\u00edstica + instal\u00b7laci\u00f3<\/strong> amb un mateix prove\u00efdor redueix friccions i millora els temps.<\/p>\n<\/div><\/div><\/div><\/div><\/div><div class=\"fusion-fullwidth fullwidth-box fusion-builder-row-7 fusion-flex-container has-pattern-background has-mask-background nonhundred-percent-fullwidth non-hundred-percent-height-scrolling fusion-animated reverse-columns\" style=\"--awb-border-radius-top-left:0px;--awb-border-radius-top-right:0px;--awb-border-radius-bottom-right:0px;--awb-border-radius-bottom-left:0px;--awb-padding-top:80px;--awb-padding-bottom:80px;--awb-background-color:var(--awb-color5);--awb-flex-wrap:wrap;\" data-animationType=\"slideInUp\" data-animationDuration=\"1.5\" data-animationOffset=\"top-into-view\" ><div class=\"fusion-builder-row fusion-row fusion-flex-align-items-center fusion-flex-justify-content-center fusion-flex-content-wrap\" style=\"max-width:1248px;margin-left: calc(-4% \/ 2 );margin-right: calc(-4% \/ 2 );\"><div class=\"fusion-layout-column fusion_builder_column fusion-builder-column-12 fusion_builder_column_3_5 3_5 fusion-flex-column fusion-animated\" style=\"--awb-bg-size:cover;--awb-width-large:60%;--awb-margin-top-large:0px;--awb-spacing-right-large:3.2%;--awb-margin-bottom-large:40px;--awb-spacing-left-large:3.2%;--awb-width-medium:60%;--awb-order-medium:0;--awb-spacing-right-medium:3.2%;--awb-spacing-left-medium:3.2%;--awb-width-small:100%;--awb-order-small:0;--awb-spacing-right-small:1.92%;--awb-spacing-left-small:1.92%;\" data-animationType=\"slideInLeft\" data-animationDuration=\"1.5\" data-animationOffset=\"top-into-view\"><div class=\"fusion-column-wrapper fusion-column-has-shadow fusion-flex-justify-content-flex-start fusion-content-layout-column\"><div class=\"fusion-title title fusion-title-9 fusion-sep-none fusion-title-center fusion-title-text fusion-title-size-two\" style=\"--awb-text-color:var(--awb-color8);--awb-margin-top-small:10px;--awb-margin-right-small:0px;--awb-margin-bottom-small:10px;--awb-margin-left-small:0px;\"><h2 class=\"fusion-title-heading title-heading-center fusion-responsive-typography-calculated\" style=\"margin:0;--fontSize:55;line-height:var(--awb-typography1-line-height);\">CENTRES PRODUCTIUS: Barcelona, Madrid i Val\u00e8ncia<\/h2><\/div><div class=\"fusion-text fusion-text-6\"><p style=\"text-align: center;\" data-start=\"4544\" data-end=\"4902\">La seu central \u00e9s a <strong data-start=\"4564\" data-end=\"4577\">Barcelona<\/strong>, a <strong data-start=\"4581\" data-end=\"4610\">L\u2019Hospitalet de Llobregat<\/strong>, en una nau industrial de <strong data-start=\"4637\" data-end=\"4656\">m\u00e9s de 3.500 m\u00b2<\/strong>, on concentrem activitat i parc tecnol\u00f2gic.<br data-start=\"4700\" data-end=\"4703\" \/>A m\u00e9s, disposem d\u2019instal\u00b7lacions a <strong data-start=\"4738\" data-end=\"4750\">Val\u00e8ncia<\/strong> i <strong data-start=\"4753\" data-end=\"4763\">Madrid<\/strong> amb equips d\u2019impressi\u00f3 de gran format, tallers i magatzems, cosa que ens permet donar servei a tota la pen\u00ednsula i tamb\u00e9 a escala europea.<\/p>\n<p style=\"text-align: center;\" data-start=\"4904\" data-end=\"5055\">Tamb\u00e9 oferim <strong data-start=\"4917\" data-end=\"4946\">emmagatzematge i cust\u00f2dia<\/strong> de treballs per a properes edicions, ideal per a marques amb campanyes recurrents o desplegaments peri\u00f2dics.<\/p>\n<\/div><\/div><\/div><div class=\"fusion-layout-column fusion_builder_column fusion-builder-column-13 fusion_builder_column_2_5 2_5 fusion-flex-column fusion-animated\" style=\"--awb-bg-size:cover;--awb-width-large:40%;--awb-margin-top-large:0px;--awb-spacing-right-large:4.8%;--awb-margin-bottom-large:40px;--awb-spacing-left-large:4.8%;--awb-width-medium:40%;--awb-order-medium:0;--awb-spacing-right-medium:4.8%;--awb-spacing-left-medium:4.8%;--awb-width-small:100%;--awb-order-small:0;--awb-spacing-right-small:1.92%;--awb-spacing-left-small:1.92%;\" data-animationType=\"slideInRight\" data-animationDuration=\"1.5\" data-animationOffset=\"top-into-view\"><div class=\"fusion-column-wrapper fusion-column-has-shadow fusion-flex-justify-content-flex-start fusion-content-layout-column\"><div class=\"fusion-image-element \" style=\"text-align:center;--awb-margin-bottom:20px;--awb-caption-title-font-family:var(--h2_typography-font-family);--awb-caption-title-font-weight:var(--h2_typography-font-weight);--awb-caption-title-font-style:var(--h2_typography-font-style);--awb-caption-title-size:var(--h2_typography-font-size);--awb-caption-title-transform:var(--h2_typography-text-transform);--awb-caption-title-line-height:var(--h2_typography-line-height);--awb-caption-title-letter-spacing:var(--h2_typography-letter-spacing);\"><span class=\" fusion-imageframe imageframe-none imageframe-6 hover-type-none\"><img decoding=\"async\" width=\"500\" height=\"350\" title=\"Rho 700-IX40005-E.indd\" src=\"https:\/\/marc-marti.com\/wp-content\/uploads\/2022\/08\/006-marc-marti-centres-productius.jpg\" alt class=\"img-responsive wp-image-1002\" srcset=\"https:\/\/marc-marti.com\/wp-content\/uploads\/2022\/08\/006-marc-marti-centres-productius-200x140.jpg 200w, https:\/\/marc-marti.com\/wp-content\/uploads\/2022\/08\/006-marc-marti-centres-productius-400x280.jpg 400w, https:\/\/marc-marti.com\/wp-content\/uploads\/2022\/08\/006-marc-marti-centres-productius.jpg 500w\" sizes=\"(max-width: 640px) 100vw, 500px\" \/><\/span><\/div><\/div><\/div><\/div><\/div><div class=\"fusion-fullwidth fullwidth-box fusion-builder-row-8 fusion-flex-container has-pattern-background has-mask-background nonhundred-percent-fullwidth non-hundred-percent-height-scrolling\" style=\"--awb-border-radius-top-left:0px;--awb-border-radius-top-right:0px;--awb-border-radius-bottom-right:0px;--awb-border-radius-bottom-left:0px;--awb-padding-top:80px;--awb-padding-bottom:80px;--awb-background-color:var(--awb-color3);--awb-flex-wrap:wrap;\" ><div class=\"fusion-builder-row fusion-row fusion-flex-align-items-center fusion-flex-justify-content-center fusion-flex-content-wrap\" style=\"max-width:1248px;margin-left: calc(-4% \/ 2 );margin-right: calc(-4% \/ 2 );\"><div class=\"fusion-layout-column fusion_builder_column fusion-builder-column-14 fusion_builder_column_2_5 2_5 fusion-flex-column fusion-animated\" style=\"--awb-bg-size:cover;--awb-width-large:40%;--awb-margin-top-large:0px;--awb-spacing-right-large:4.8%;--awb-margin-bottom-large:40px;--awb-spacing-left-large:4.8%;--awb-width-medium:40%;--awb-order-medium:0;--awb-spacing-right-medium:4.8%;--awb-spacing-left-medium:4.8%;--awb-width-small:100%;--awb-order-small:0;--awb-spacing-right-small:1.92%;--awb-spacing-left-small:1.92%;\" data-animationType=\"slideInLeft\" data-animationDuration=\"1.5\" data-animationOffset=\"top-into-view\"><div class=\"fusion-column-wrapper fusion-column-has-shadow fusion-flex-justify-content-flex-start fusion-content-layout-column\"><div class=\"fusion-video fusion-youtube\" style=\"--awb-max-width:600px;--awb-max-height:360px;--awb-align-self:center;--awb-width:100%;\"><div class=\"video-shortcode\"><div class=\"fluid-width-video-wrapper\" style=\"padding-top:60%;\" ><iframe title=\"YouTube video player 1\" src=\"https:\/\/www.youtube.com\/embed\/HBnoKUqR99o?wmode=transparent&autoplay=0&amp;rel=0\" width=\"600\" height=\"360\" allowfullscreen allow=\"autoplay; clipboard-write; encrypted-media; gyroscope; picture-in-picture;\"><\/iframe><\/div><\/div><\/div><\/div><\/div><div class=\"fusion-layout-column fusion_builder_column fusion-builder-column-15 fusion_builder_column_3_5 3_5 fusion-flex-column fusion-animated\" style=\"--awb-bg-size:cover;--awb-width-large:60%;--awb-margin-top-large:0px;--awb-spacing-right-large:3.2%;--awb-margin-bottom-large:40px;--awb-spacing-left-large:3.2%;--awb-width-medium:60%;--awb-order-medium:0;--awb-spacing-right-medium:3.2%;--awb-spacing-left-medium:3.2%;--awb-width-small:100%;--awb-order-small:0;--awb-spacing-right-small:1.92%;--awb-spacing-left-small:1.92%;\" data-animationType=\"slideInRight\" data-animationDuration=\"1.5\" data-animationOffset=\"top-into-view\"><div class=\"fusion-column-wrapper fusion-column-has-shadow fusion-flex-justify-content-flex-start fusion-content-layout-column\"><div class=\"fusion-title title fusion-title-10 fusion-sep-none fusion-title-center fusion-title-text fusion-title-size-two\" style=\"--awb-text-color:var(--awb-color5);--awb-margin-top-small:10px;--awb-margin-right-small:0px;--awb-margin-bottom-small:10px;--awb-margin-left-small:0px;\"><h2 class=\"fusion-title-heading title-heading-center fusion-responsive-typography-calculated\" style=\"margin:0;--fontSize:55;line-height:var(--awb-typography1-line-height);\">RESPONSABILITAT SOCIAL, CULTURA I COMPOSISOS<\/h2><\/div><div class=\"fusion-text fusion-text-7\"><p style=\"text-align: center;\">Des del principi de la nostra activitat, hem col\u00b7laborat i col\u00b7laborem activament amb fundacions, institucions, col\u00b7lectius i associacions, que treballen en la millora de la nostra societat.<\/p>\n<p style=\"text-align: center;\">Per aix\u00f2, i anualment, patrocinem i produ\u00efm diverses activitats de l&#8217;\u00e0mbit esportiu, educacional, cultural, infantil, i en contra de la pobresa i l&#8217;exclusi\u00f3 social.<\/p>\n<p style=\"text-align: center;\">Poder aportar el nostre gra de sorra a aquestes grans iniciatives, ens omple d&#8217;orgull i forma part del nostre ADN. (F. C. C\u00e8ltic, C. E. Noia Freixenet, Sopar Solidari del Cava, Pallapupes, Fundesplai, Fundaci\u00f3 Pare Manel, Fundaci\u00f3 Setba, els Xuclis &#8211; AFANOC, L&#8217;Escocesa del Poblenou, Museu del Modernisme, Kronos Art Festival, Festival + poesia si us plau, entre altres&#8230;)<\/p>\n<p style=\"text-align: center;\">Com a reconeixement a aquesta tasca, i entre altres premis, som la primera empresa del sector a rebre el segell d&#8217;empresa compromesa amb la cultura, i el premi Empresa Cultura.<\/p>\n<\/div><\/div><\/div><\/div><\/div><div class=\"fusion-fullwidth fullwidth-box fusion-builder-row-9 fusion-flex-container has-pattern-background has-mask-background nonhundred-percent-fullwidth non-hundred-percent-height-scrolling fusion-animated reverse-columns\" style=\"--awb-border-radius-top-left:0px;--awb-border-radius-top-right:0px;--awb-border-radius-bottom-right:0px;--awb-border-radius-bottom-left:0px;--awb-padding-top:80px;--awb-padding-bottom:80px;--awb-background-color:var(--awb-color1);--awb-flex-wrap:wrap;\" data-animationType=\"slideInUp\" data-animationDuration=\"1.5\" data-animationOffset=\"top-into-view\" ><div class=\"fusion-builder-row fusion-row fusion-flex-align-items-center fusion-flex-justify-content-center fusion-flex-content-wrap\" style=\"max-width:1248px;margin-left: calc(-4% \/ 2 );margin-right: calc(-4% \/ 2 );\"><div class=\"fusion-layout-column fusion_builder_column fusion-builder-column-16 fusion_builder_column_3_5 3_5 fusion-flex-column fusion-animated\" style=\"--awb-bg-size:cover;--awb-width-large:60%;--awb-margin-top-large:0px;--awb-spacing-right-large:3.2%;--awb-margin-bottom-large:20px;--awb-spacing-left-large:3.2%;--awb-width-medium:60%;--awb-order-medium:0;--awb-spacing-right-medium:3.2%;--awb-spacing-left-medium:3.2%;--awb-width-small:100%;--awb-order-small:0;--awb-spacing-right-small:1.92%;--awb-spacing-left-small:1.92%;\" data-animationType=\"slideInLeft\" data-animationDuration=\"1.5\" data-animationOffset=\"top-into-view\"><div class=\"fusion-column-wrapper fusion-column-has-shadow fusion-flex-justify-content-flex-start fusion-content-layout-column\"><div class=\"fusion-title title fusion-title-11 fusion-sep-none fusion-title-center fusion-title-text fusion-title-size-two\" style=\"--awb-text-color:var(--awb-color5);--awb-margin-top-small:10px;--awb-margin-right-small:0px;--awb-margin-bottom-small:10px;--awb-margin-left-small:0px;\"><h2 class=\"fusion-title-heading title-heading-center fusion-responsive-typography-calculated\" style=\"margin:0;--fontSize:55;line-height:var(--awb-typography1-line-height);\">ASSOCIACIONS I GREMIS PROFESSIONALS<\/h2><\/div><div class=\"fusion-text fusion-text-8\" style=\"--awb-text-color:var(--awb-color8);\"><p style=\"text-align: center;\">Assistim anualment a les fires, esdeveniments i convencions m\u00e9s importants, i som part activa en el desenvolupament i el futur del sector.<\/p>\n<p style=\"text-align: center;\">Estem associats a FESPA Espa\u00f1a (Associaci\u00f3 Espanyola d&#8217;Empreses d&#8217;Impressi\u00f3 de la Comunicaci\u00f3 Visual), i del grup de treball de sostenibilitat.<\/p>\n<p style=\"text-align: center;\">Tamb\u00e9 som membres fundacionals del Col\u00b7legi del M\u00e0rqueting i la Comunicaci\u00f3 de Catalunya, organisme que treballa i estudia el m\u00e0rqueting, la comunicaci\u00f3, la publicitat i les relacions p\u00fabliques.<\/p>\n<\/div><\/div><\/div><div class=\"fusion-layout-column fusion_builder_column fusion-builder-column-17 fusion_builder_column_2_5 2_5 fusion-flex-column fusion-animated\" style=\"--awb-bg-size:cover;--awb-width-large:40%;--awb-margin-top-large:0px;--awb-spacing-right-large:4.8%;--awb-margin-bottom-large:20px;--awb-spacing-left-large:4.8%;--awb-width-medium:40%;--awb-order-medium:0;--awb-spacing-right-medium:4.8%;--awb-spacing-left-medium:4.8%;--awb-width-small:100%;--awb-order-small:0;--awb-spacing-right-small:1.92%;--awb-spacing-left-small:1.92%;\" data-animationType=\"slideInRight\" data-animationDuration=\"1.5\" data-animationOffset=\"top-into-view\"><div class=\"fusion-column-wrapper fusion-column-has-shadow fusion-flex-justify-content-flex-start fusion-content-layout-column\"><div class=\"fusion-image-element \" style=\"text-align:center;--awb-margin-bottom:20px;--awb-caption-title-font-family:var(--h2_typography-font-family);--awb-caption-title-font-weight:var(--h2_typography-font-weight);--awb-caption-title-font-style:var(--h2_typography-font-style);--awb-caption-title-size:var(--h2_typography-font-size);--awb-caption-title-transform:var(--h2_typography-text-transform);--awb-caption-title-line-height:var(--h2_typography-line-height);--awb-caption-title-letter-spacing:var(--h2_typography-letter-spacing);\"><span class=\" fusion-imageframe imageframe-none imageframe-7 hover-type-none\"><img decoding=\"async\" width=\"500\" height=\"350\" src=\"https:\/\/marc-marti.com\/wp-content\/uploads\/2022\/08\/007-marc-marti-associacions-i-gremis.jpg\" alt class=\"img-responsive wp-image-1003\" srcset=\"https:\/\/marc-marti.com\/wp-content\/uploads\/2022\/08\/007-marc-marti-associacions-i-gremis-200x140.jpg 200w, https:\/\/marc-marti.com\/wp-content\/uploads\/2022\/08\/007-marc-marti-associacions-i-gremis-400x280.jpg 400w, https:\/\/marc-marti.com\/wp-content\/uploads\/2022\/08\/007-marc-marti-associacions-i-gremis.jpg 500w\" sizes=\"(max-width: 640px) 100vw, 500px\" \/><\/span><\/div><\/div><\/div><div class=\"fusion-layout-column fusion_builder_column fusion-builder-column-18 fusion_builder_column_1_1 1_1 fusion-flex-column fusion-animated\" style=\"--awb-padding-top:40px;--awb-bg-size:cover;--awb-width-large:100%;--awb-margin-top-large:0px;--awb-spacing-right-large:1.92%;--awb-margin-bottom-large:20px;--awb-spacing-left-large:1.92%;--awb-width-medium:100%;--awb-order-medium:0;--awb-spacing-right-medium:1.92%;--awb-spacing-left-medium:1.92%;--awb-width-small:100%;--awb-order-small:0;--awb-spacing-right-small:1.92%;--awb-spacing-left-small:1.92%;\" data-animationType=\"slideInUp\" data-animationDuration=\"1.5\" data-animationOffset=\"top-into-view\"><div class=\"fusion-column-wrapper fusion-column-has-shadow fusion-flex-justify-content-flex-start fusion-content-layout-column\"><div class=\"fusion-text fusion-text-9\" style=\"--awb-font-size:20px;--awb-text-color:var(--awb-color8);\"><p style=\"text-align: center;\"><strong>A m\u00e9s, formem part de diverses associacions, gremis i col\u00b7legis professionals, que ens permeten mantenir-nos al dia de totes les novetats i possibilitats per oferir als nostres clients.<\/strong><\/p>\n<\/div><div class=\"awb-gallery-wrapper awb-gallery-wrapper-1 button-span-no\" style=\"--more-btn-alignment:center;\"><div style=\"margin:-25px;--awb-bordersize:0px;\" class=\"fusion-gallery fusion-gallery-container fusion-grid-4 fusion-columns-total-8 fusion-gallery-layout-grid fusion-gallery-1\"><div style=\"padding:25px;\" class=\"fusion-grid-column fusion-gallery-column fusion-gallery-column-4 hover-type-none\"><div class=\"fusion-gallery-image\"><img decoding=\"async\" src=\"https:\/\/marc-marti.com\/wp-content\/uploads\/2022\/08\/logo-pimec.png\" width=\"346\" height=\"186\" alt=\"\" title=\"logo pimec\" aria-label=\"logo pimec\" class=\"img-responsive wp-image-1006\" srcset=\"https:\/\/marc-marti.com\/wp-content\/uploads\/2022\/08\/logo-pimec-200x108.png 200w, https:\/\/marc-marti.com\/wp-content\/uploads\/2022\/08\/logo-pimec.png 346w\" sizes=\"(min-width: 2200px) 100vw, (min-width: 856px) 281px, (min-width: 784px) 375px, (min-width: 712px) 563px, (min-width: 640px) 712px, \" \/><\/div><\/div><div style=\"padding:25px;\" class=\"fusion-grid-column fusion-gallery-column fusion-gallery-column-4 hover-type-none\"><div class=\"fusion-gallery-image\"><img decoding=\"async\" src=\"https:\/\/marc-marti.com\/wp-content\/uploads\/2022\/08\/logo-serrallers.png\" width=\"346\" height=\"186\" alt=\"\" title=\"logo serrallers\" aria-label=\"logo serrallers\" class=\"img-responsive wp-image-1007\" srcset=\"https:\/\/marc-marti.com\/wp-content\/uploads\/2022\/08\/logo-serrallers-200x108.png 200w, https:\/\/marc-marti.com\/wp-content\/uploads\/2022\/08\/logo-serrallers.png 346w\" sizes=\"(min-width: 2200px) 100vw, (min-width: 856px) 281px, (min-width: 784px) 375px, (min-width: 712px) 563px, (min-width: 640px) 712px, \" \/><\/div><\/div><div style=\"padding:25px;\" class=\"fusion-grid-column fusion-gallery-column fusion-gallery-column-4 hover-type-none\"><div class=\"fusion-gallery-image\"><img decoding=\"async\" src=\"https:\/\/marc-marti.com\/wp-content\/uploads\/2022\/08\/logo-gremi.png\" width=\"346\" height=\"186\" alt=\"\" title=\"logo gremi\" aria-label=\"logo gremi\" class=\"img-responsive wp-image-1008\" srcset=\"https:\/\/marc-marti.com\/wp-content\/uploads\/2022\/08\/logo-gremi-200x108.png 200w, https:\/\/marc-marti.com\/wp-content\/uploads\/2022\/08\/logo-gremi.png 346w\" sizes=\"(min-width: 2200px) 100vw, (min-width: 856px) 281px, (min-width: 784px) 375px, (min-width: 712px) 563px, (min-width: 640px) 712px, \" \/><\/div><\/div><div style=\"padding:25px;\" class=\"fusion-grid-column fusion-gallery-column fusion-gallery-column-4 hover-type-none\"><div class=\"fusion-gallery-image\"><img decoding=\"async\" src=\"https:\/\/marc-marti.com\/wp-content\/uploads\/2022\/08\/logo-cmcc.png\" width=\"346\" height=\"186\" alt=\"\" title=\"logo cmcc\" aria-label=\"logo cmcc\" class=\"img-responsive wp-image-1009\" srcset=\"https:\/\/marc-marti.com\/wp-content\/uploads\/2022\/08\/logo-cmcc-200x108.png 200w, https:\/\/marc-marti.com\/wp-content\/uploads\/2022\/08\/logo-cmcc.png 346w\" sizes=\"(min-width: 2200px) 100vw, (min-width: 856px) 281px, (min-width: 784px) 375px, (min-width: 712px) 563px, (min-width: 640px) 712px, \" \/><\/div><\/div><div class=\"clearfix\"><\/div><div style=\"padding:25px;\" class=\"fusion-grid-column fusion-gallery-column fusion-gallery-column-4 hover-type-none\"><div class=\"fusion-gallery-image\"><img decoding=\"async\" src=\"https:\/\/marc-marti.com\/wp-content\/uploads\/2022\/08\/logo-colegimarqueting.png\" width=\"346\" height=\"186\" alt=\"\" title=\"logo colegimarqueting\" aria-label=\"logo colegimarqueting\" class=\"img-responsive wp-image-1010\" srcset=\"https:\/\/marc-marti.com\/wp-content\/uploads\/2022\/08\/logo-colegimarqueting-200x108.png 200w, https:\/\/marc-marti.com\/wp-content\/uploads\/2022\/08\/logo-colegimarqueting.png 346w\" sizes=\"(min-width: 2200px) 100vw, (min-width: 856px) 281px, (min-width: 784px) 375px, (min-width: 712px) 563px, (min-width: 640px) 712px, \" \/><\/div><\/div><div style=\"padding:25px;\" class=\"fusion-grid-column fusion-gallery-column fusion-gallery-column-4 hover-type-none\"><div class=\"fusion-gallery-image\"><img decoding=\"async\" src=\"https:\/\/marc-marti.com\/wp-content\/uploads\/2022\/08\/logo-fespa.png\" width=\"346\" height=\"186\" alt=\"\" title=\"logo fespa\" aria-label=\"logo fespa\" class=\"img-responsive wp-image-1011\" srcset=\"https:\/\/marc-marti.com\/wp-content\/uploads\/2022\/08\/logo-fespa-200x108.png 200w, https:\/\/marc-marti.com\/wp-content\/uploads\/2022\/08\/logo-fespa.png 346w\" sizes=\"(min-width: 2200px) 100vw, (min-width: 856px) 281px, (min-width: 784px) 375px, (min-width: 712px) 563px, (min-width: 640px) 712px, \" \/><\/div><\/div><div style=\"padding:25px;\" class=\"fusion-grid-column fusion-gallery-column fusion-gallery-column-4 hover-type-none\"><div class=\"fusion-gallery-image\"><img decoding=\"async\" src=\"https:\/\/marc-marti.com\/wp-content\/uploads\/2022\/08\/logo-creuroja.png\" width=\"346\" height=\"186\" alt=\"\" title=\"logo creuroja\" aria-label=\"logo creuroja\" class=\"img-responsive wp-image-1012\" srcset=\"https:\/\/marc-marti.com\/wp-content\/uploads\/2022\/08\/logo-creuroja-200x108.png 200w, https:\/\/marc-marti.com\/wp-content\/uploads\/2022\/08\/logo-creuroja.png 346w\" sizes=\"(min-width: 2200px) 100vw, (min-width: 856px) 281px, (min-width: 784px) 375px, (min-width: 712px) 563px, (min-width: 640px) 712px, \" \/><\/div><\/div><div style=\"padding:25px;\" class=\"fusion-grid-column fusion-gallery-column fusion-gallery-column-4 hover-type-none\"><div class=\"fusion-gallery-image\"><img decoding=\"async\" src=\"https:\/\/marc-marti.com\/wp-content\/uploads\/2022\/08\/logo-poblenou.png\" width=\"346\" height=\"186\" alt=\"\" title=\"logo poblenou\" aria-label=\"logo poblenou\" class=\"img-responsive wp-image-1013\" srcset=\"https:\/\/marc-marti.com\/wp-content\/uploads\/2022\/08\/logo-poblenou-200x108.png 200w, https:\/\/marc-marti.com\/wp-content\/uploads\/2022\/08\/logo-poblenou.png 346w\" sizes=\"(min-width: 2200px) 100vw, (min-width: 856px) 281px, (min-width: 784px) 375px, (min-width: 712px) 563px, (min-width: 640px) 712px, \" \/><\/div><\/div><div class=\"clearfix\"><\/div><\/div><\/div><\/div><\/div><\/div><\/div><div class=\"fusion-fullwidth fullwidth-box fusion-builder-row-10 fusion-flex-container has-pattern-background has-mask-background nonhundred-percent-fullwidth non-hundred-percent-height-scrolling\" style=\"--awb-border-radius-top-left:0px;--awb-border-radius-top-right:0px;--awb-border-radius-bottom-right:0px;--awb-border-radius-bottom-left:0px;--awb-padding-top:80px;--awb-padding-bottom:80px;--awb-background-color:var(--awb-color2);--awb-flex-wrap:wrap;\" ><div class=\"fusion-builder-row fusion-row fusion-flex-align-items-flex-start fusion-flex-content-wrap\" style=\"max-width:1248px;margin-left: calc(-4% \/ 2 );margin-right: calc(-4% \/ 2 );\"><div class=\"fusion-layout-column fusion_builder_column fusion-builder-column-19 fusion_builder_column_1_1 1_1 fusion-flex-column fusion-animated\" style=\"--awb-bg-size:cover;--awb-width-large:100%;--awb-margin-top-large:0px;--awb-spacing-right-large:1.92%;--awb-margin-bottom-large:40px;--awb-spacing-left-large:1.92%;--awb-width-medium:100%;--awb-order-medium:0;--awb-spacing-right-medium:1.92%;--awb-spacing-left-medium:1.92%;--awb-width-small:100%;--awb-order-small:0;--awb-spacing-right-small:1.92%;--awb-spacing-left-small:1.92%;\" data-animationType=\"slideInLeft\" data-animationDuration=\"1.5\" data-animationOffset=\"top-into-view\"><div class=\"fusion-column-wrapper fusion-column-has-shadow fusion-flex-justify-content-flex-start fusion-content-layout-column\"><div class=\"fusion-title title fusion-title-12 fusion-sep-none fusion-title-center fusion-title-text fusion-title-size-two\" style=\"--awb-text-color:var(--awb-color5);--awb-margin-top-small:10px;--awb-margin-right-small:0px;--awb-margin-bottom-small:10px;--awb-margin-left-small:0px;\"><h2 class=\"fusion-title-heading title-heading-center fusion-responsive-typography-calculated\" style=\"margin:0;--fontSize:55;line-height:var(--awb-typography1-line-height);\">COMPROMISOS<\/h2><\/div><\/div><\/div><div class=\"fusion-layout-column fusion_builder_column fusion-builder-column-20 fusion_builder_column_1_3 1_3 fusion-flex-column fusion-animated\" style=\"--awb-bg-size:cover;--awb-width-large:33.333333333333%;--awb-margin-top-large:0px;--awb-spacing-right-large:5.76%;--awb-margin-bottom-large:40px;--awb-spacing-left-large:5.76%;--awb-width-medium:33.333333333333%;--awb-order-medium:0;--awb-spacing-right-medium:5.76%;--awb-spacing-left-medium:5.76%;--awb-width-small:100%;--awb-order-small:0;--awb-spacing-right-small:1.92%;--awb-spacing-left-small:1.92%;\" data-animationType=\"slideInUp\" data-animationDuration=\"1.5\" data-animationOffset=\"top-into-view\"><div class=\"fusion-column-wrapper fusion-column-has-shadow fusion-flex-justify-content-flex-start fusion-content-layout-column\"><i class=\"fb-icon-element-1 fb-icon-element fontawesome-icon icon-marc-martihoja circle-yes\" style=\"--awb-circlecolor:#64ad9c;--awb-circlecolor-hover:#64ad9c;--awb-circlebordercolor-hover:var(--awb-color8);--awb-circlebordersize:0px;--awb-font-size:39.6px;--awb-width:79.2px;--awb-height:79.2px;--awb-line-height:79.2px;--awb-border-radius-top-l:0px;--awb-border-radius-top-r:0px;--awb-border-radius-bot-r:0px;--awb-border-radius-bot-l:0px;--awb-align-self:center;--awb-margin-top:20px;--awb-margin-right:30px;--awb-margin-bottom:10px;--awb-margin-left:30px;\"><\/i><div class=\"fusion-title title fusion-title-13 fusion-sep-none fusion-title-center fusion-title-text fusion-title-size-three\" style=\"--awb-margin-top-small:10px;--awb-margin-right-small:0px;--awb-margin-bottom-small:10px;--awb-margin-left-small:0px;\"><h3 class=\"fusion-title-heading title-heading-center fusion-responsive-typography-calculated\" style=\"margin:0;--fontSize:19;--minFontSize:19;line-height:1;\">MEDI AMBIENT<\/h3><\/div><div class=\"fusion-text fusion-text-10\"><p style=\"text-align: center;\">Tenir cura del Medi Ambient, \u00e9s una responsabilitat b\u00e0sica per a la nostra empresa, i per aix\u00f2 oferim una l\u00ednia ecol\u00f2gica equivalent de tots els nostres productes i serveis. Promovem la reutilitzaci\u00f3 dels materials, guardant-los, donant-los usos nous, o promovent-ne el reciclatge.<br \/>\n<a href=\"https:\/\/marc-marti.com\/ca\/ecologicamment\/\"><strong>Pol\u00edtica de qualitat i medi ambient<\/strong><\/a><\/p>\n<\/div><\/div><\/div><div class=\"fusion-layout-column fusion_builder_column fusion-builder-column-21 fusion_builder_column_1_3 1_3 fusion-flex-column fusion-animated\" style=\"--awb-bg-size:cover;--awb-width-large:33.333333333333%;--awb-margin-top-large:0px;--awb-spacing-right-large:5.76%;--awb-margin-bottom-large:40px;--awb-spacing-left-large:5.76%;--awb-width-medium:33.333333333333%;--awb-order-medium:0;--awb-spacing-right-medium:5.76%;--awb-spacing-left-medium:5.76%;--awb-width-small:100%;--awb-order-small:0;--awb-spacing-right-small:1.92%;--awb-spacing-left-small:1.92%;\" data-animationType=\"slideInUp\" data-animationDuration=\"1.5\" data-animationOffset=\"top-into-view\"><div class=\"fusion-column-wrapper fusion-column-has-shadow fusion-flex-justify-content-flex-start fusion-content-layout-column\"><i class=\"fb-icon-element-2 fb-icon-element fontawesome-icon fa-users fas circle-yes\" style=\"--awb-circlecolor:#e58593;--awb-circlecolor-hover:#e58593;--awb-circlebordercolor-hover:var(--awb-color8);--awb-circlebordersize:0px;--awb-font-size:39.6px;--awb-width:79.2px;--awb-height:79.2px;--awb-line-height:79.2px;--awb-border-radius-top-l:0px;--awb-border-radius-top-r:0px;--awb-border-radius-bot-r:0px;--awb-border-radius-bot-l:0px;--awb-align-self:center;--awb-margin-top:20px;--awb-margin-right:30px;--awb-margin-bottom:10px;--awb-margin-left:30px;\"><\/i><div class=\"fusion-title title fusion-title-14 fusion-sep-none fusion-title-center fusion-title-text fusion-title-size-three\" style=\"--awb-margin-top-small:10px;--awb-margin-right-small:0px;--awb-margin-bottom-small:10px;--awb-margin-left-small:0px;\"><h3 class=\"fusion-title-heading title-heading-center fusion-responsive-typography-calculated\" style=\"margin:0;--fontSize:19;--minFontSize:19;line-height:1;\">IGUALTAT<\/h3><\/div><div class=\"fusion-text fusion-text-11\"><p style=\"text-align: center;\">La igualtat d&#8217;oportunitats entre dones i homes, \u00e9s un dels pilars per al bon funcionament de la societat i tamb\u00e9 d&#8217;una empresa; \u00e9s per aix\u00f2 que estem redactant un pla espec\u00edfic d&#8217;igualtat, per tal de disposar de protocols d&#8217;actuaci\u00f3 i prevenci\u00f3 davant de possibles discriminacions, aix\u00ed com la resoluci\u00f3 de conflictes, d&#8217;una manera clara i justa. Participem activament en les formacions i cursos relacionats amb l&#8217;equitat, la millora de les condicions de les nostres treballadores i treballadores i de la seva seguretat.<\/p>\n<p style=\"text-align: center;\"><strong>\u00a0<\/strong><\/p>\n<\/div><\/div><\/div><div class=\"fusion-layout-column fusion_builder_column fusion-builder-column-22 fusion_builder_column_1_3 1_3 fusion-flex-column fusion-animated\" style=\"--awb-bg-size:cover;--awb-width-large:33.333333333333%;--awb-margin-top-large:0px;--awb-spacing-right-large:5.76%;--awb-margin-bottom-large:40px;--awb-spacing-left-large:5.76%;--awb-width-medium:33.333333333333%;--awb-order-medium:0;--awb-spacing-right-medium:5.76%;--awb-spacing-left-medium:5.76%;--awb-width-small:100%;--awb-order-small:0;--awb-spacing-right-small:1.92%;--awb-spacing-left-small:1.92%;\" data-animationType=\"slideInUp\" data-animationDuration=\"1.5\" data-animationOffset=\"top-into-view\"><div class=\"fusion-column-wrapper fusion-column-has-shadow fusion-flex-justify-content-flex-start fusion-content-layout-column\"><i class=\"fb-icon-element-3 fb-icon-element fontawesome-icon fa-user-lock fas circle-yes\" style=\"--awb-circlecolor:var(--awb-color7);--awb-circlecolor-hover:var(--awb-color7);--awb-circlebordercolor-hover:var(--awb-color8);--awb-circlebordersize:0px;--awb-font-size:39.6px;--awb-width:79.2px;--awb-height:79.2px;--awb-line-height:79.2px;--awb-border-radius-top-l:0px;--awb-border-radius-top-r:0px;--awb-border-radius-bot-r:0px;--awb-border-radius-bot-l:0px;--awb-align-self:center;--awb-margin-top:20px;--awb-margin-right:30px;--awb-margin-bottom:10px;--awb-margin-left:30px;\"><\/i><div class=\"fusion-title title fusion-title-15 fusion-sep-none fusion-title-center fusion-title-text fusion-title-size-three\" style=\"--awb-margin-top-small:10px;--awb-margin-right-small:0px;--awb-margin-bottom-small:10px;--awb-margin-left-small:0px;\"><h3 class=\"fusion-title-heading title-heading-center fusion-responsive-typography-calculated\" style=\"margin:0;--fontSize:19;--minFontSize:19;line-height:1;\">PRIVACITAT<\/h3><\/div><div class=\"fusion-text fusion-text-12\"><p style=\"text-align: center;\">La privadesa i el tractament dels arxius rebuts i dels treballs realitzats, \u00e9s una de les nostres principals preocupacions, per la qual cosa sempre tractem amb la m\u00e0xima discreci\u00f3 qualsevol classe de treball, especialment en aquells en qu\u00e8 s\u00f3n presentacions o elements especials. A m\u00e9s, disposem d&#8217;assegurances espec\u00edfiques per poder protegir els nostres clients i els seus projectes.<\/p>\n<p style=\"text-align: center;\"><strong>\u00a0<\/strong><\/p>\n<\/div><\/div><\/div><\/div><\/div><div class=\"fusion-fullwidth fullwidth-box fusion-builder-row-11 fusion-flex-container has-pattern-background has-mask-background fusion-parallax-none nonhundred-percent-fullwidth non-hundred-percent-height-scrolling\" style=\"--link_hover_color: var(--awb-color8);--link_color: var(--awb-color8);--awb-background-position:center bottom;--awb-border-radius-top-left:0px;--awb-border-radius-top-right:0px;--awb-border-radius-bottom-right:0px;--awb-border-radius-bottom-left:0px;--awb-padding-top:80px;--awb-padding-bottom:80px;--awb-background-color:rgba(202,4,56,0.85);--awb-background-image:linear-gradient(180deg, rgba(202,4,56,0.85) 0%,rgba(202,4,56,0.85) 100%),url(https:\/\/marc-marti.com\/wp-content\/uploads\/2022\/07\/man-working-at-computer-in-office-side-view-2021-12-09-15-18-34-utc-e1659603670418.jpg);;--awb-background-size:cover;--awb-flex-wrap:wrap;\" ><div class=\"fusion-builder-row fusion-row fusion-flex-align-items-flex-start fusion-flex-content-wrap\" style=\"max-width:1248px;margin-left: calc(-4% \/ 2 );margin-right: calc(-4% \/ 2 );\"><div class=\"fusion-layout-column fusion_builder_column fusion-builder-column-23 fusion_builder_column_1_1 1_1 fusion-flex-column\" style=\"--awb-bg-size:cover;--awb-width-large:100%;--awb-margin-top-large:0px;--awb-spacing-right-large:1.92%;--awb-margin-bottom-large:20px;--awb-spacing-left-large:1.92%;--awb-width-medium:100%;--awb-order-medium:0;--awb-spacing-right-medium:1.92%;--awb-spacing-left-medium:1.92%;--awb-width-small:100%;--awb-order-small:0;--awb-spacing-right-small:1.92%;--awb-spacing-left-small:1.92%;\"><div class=\"fusion-column-wrapper fusion-column-has-shadow fusion-flex-justify-content-flex-start fusion-content-layout-column\"><div class=\"fusion-title title fusion-title-16 fusion-sep-none fusion-title-center fusion-title-text fusion-title-size-two\" style=\"--awb-text-color:var(--awb-color1);--awb-margin-top-small:10px;--awb-margin-right-small:0px;--awb-margin-bottom-small:10px;--awb-margin-left-small:0px;\"><h2 class=\"fusion-title-heading title-heading-center fusion-responsive-typography-calculated\" style=\"margin:0;--fontSize:55;line-height:var(--awb-typography1-line-height);\">Vols treballar amb nosaltres?<\/h2><\/div><div class=\"fusion-text fusion-text-13\" style=\"--awb-text-color:var(--awb-color1);\"><p style=\"text-align: center;\">Si vols treballar amb nosaltres, pots enviar el teu curr\u00edculum a: <a href=\"mailto:ofertes@marc-marti.com\">ofertes@marc-marti.com<\/a>. En cas que Marc Mart\u00ed convoqui una pla\u00e7a, s&#8217;iniciar\u00e0 un proc\u00e9s de selecci\u00f3 de personal. Els curr\u00edculums ja enviats, participaran directament en aquest proc\u00e9s, \u00e9s a dir, no s\u2019han d&#8217;enviar de nou.<\/p>\n<\/div><\/div><\/div><\/div><\/div><\/p>\n","protected":false},"excerpt":{"rendered":"","protected":false},"author":1,"featured_media":0,"parent":0,"menu_order":0,"comment_status":"closed","ping_status":"closed","template":"100-width.php","meta":{"footnotes":""},"class_list":["post-1546","page","type-page","status-publish","hentry"],"yoast_head":"<!-- This site is optimized with the Yoast SEO plugin v27.2 - https:\/\/yoast.com\/product\/yoast-seo-wordpress\/ -->\n<title>Empresa d\u2019impressi\u00f3 gran format i publicitat exterior 360\u00ba<\/title>\n<meta name=\"description\" content=\"Marc Mart\u00ed: empresa pionera en impressi\u00f3 digital de gran format i publicitat exterior. Producci\u00f3, log\u00edstica i instal\u00b7laci\u00f3 amb equip propi\" \/>\n<meta name=\"robots\" content=\"index, follow, max-snippet:-1, max-image-preview:large, max-video-preview:-1\" \/>\n<link rel=\"canonical\" href=\"https:\/\/marc-marti.com\/ca\/empresa-impressio-gran-format-publicitat-exterior\/\" \/>\n<meta property=\"og:locale\" content=\"ca_ES\" \/>\n<meta property=\"og:type\" content=\"article\" \/>\n<meta property=\"og:title\" content=\"Empresa d\u2019impressi\u00f3 gran format i publicitat exterior 360\u00ba\" \/>\n<meta property=\"og:description\" content=\"Marc Mart\u00ed: empresa pionera en impressi\u00f3 digital de gran format i publicitat exterior. Producci\u00f3, log\u00edstica i instal\u00b7laci\u00f3 amb equip propi\" \/>\n<meta property=\"og:url\" content=\"https:\/\/marc-marti.com\/ca\/empresa-impressio-gran-format-publicitat-exterior\/\" \/>\n<meta property=\"og:site_name\" content=\"Marc-Mart\u00ed\" \/>\n<meta property=\"article:modified_time\" content=\"2026-02-17T10:16:00+00:00\" \/>\n<meta name=\"twitter:card\" content=\"summary_large_image\" \/>\n<meta name=\"twitter:label1\" content=\"Temps estimat de lectura\" \/>\n\t<meta name=\"twitter:data1\" content=\"15 minuts\" \/>\n<script type=\"application\/ld+json\" class=\"yoast-schema-graph\">{\"@context\":\"https:\/\/schema.org\",\"@graph\":[{\"@type\":\"WebPage\",\"@id\":\"https:\/\/marc-marti.com\/ca\/empresa-impressio-gran-format-publicitat-exterior\/\",\"url\":\"https:\/\/marc-marti.com\/ca\/empresa-impressio-gran-format-publicitat-exterior\/\",\"name\":\"Empresa d\u2019impressi\u00f3 gran format i publicitat exterior 360\u00ba\",\"isPartOf\":{\"@id\":\"https:\/\/marc-marti.com\/#website\"},\"datePublished\":\"2022-07-26T06:00:44+00:00\",\"dateModified\":\"2026-02-17T10:16:00+00:00\",\"description\":\"Marc Mart\u00ed: empresa pionera en impressi\u00f3 digital de gran format i publicitat exterior. Producci\u00f3, log\u00edstica i instal\u00b7laci\u00f3 amb equip propi\",\"breadcrumb\":{\"@id\":\"https:\/\/marc-marti.com\/ca\/empresa-impressio-gran-format-publicitat-exterior\/#breadcrumb\"},\"inLanguage\":\"ca\",\"potentialAction\":[{\"@type\":\"ReadAction\",\"target\":[\"https:\/\/marc-marti.com\/ca\/empresa-impressio-gran-format-publicitat-exterior\/\"]}]},{\"@type\":\"BreadcrumbList\",\"@id\":\"https:\/\/marc-marti.com\/ca\/empresa-impressio-gran-format-publicitat-exterior\/#breadcrumb\",\"itemListElement\":[{\"@type\":\"ListItem\",\"position\":1,\"name\":\"Portada\",\"item\":\"https:\/\/marc-marti.com\/ca\/\"},{\"@type\":\"ListItem\",\"position\":2,\"name\":\"Empresa\"}]},{\"@type\":\"WebSite\",\"@id\":\"https:\/\/marc-marti.com\/#website\",\"url\":\"https:\/\/marc-marti.com\/\",\"name\":\"Marc-Mart\u00ed\",\"description\":\"Impresi\u00f3n digital gran formato\",\"potentialAction\":[{\"@type\":\"SearchAction\",\"target\":{\"@type\":\"EntryPoint\",\"urlTemplate\":\"https:\/\/marc-marti.com\/?s={search_term_string}\"},\"query-input\":{\"@type\":\"PropertyValueSpecification\",\"valueRequired\":true,\"valueName\":\"search_term_string\"}}],\"inLanguage\":\"ca\"}]}<\/script>\n<!-- \/ Yoast SEO plugin. -->","yoast_head_json":{"title":"Empresa d\u2019impressi\u00f3 gran format i publicitat exterior 360\u00ba","description":"Marc Mart\u00ed: empresa pionera en impressi\u00f3 digital de gran format i publicitat exterior. Producci\u00f3, log\u00edstica i instal\u00b7laci\u00f3 amb equip propi","robots":{"index":"index","follow":"follow","max-snippet":"max-snippet:-1","max-image-preview":"max-image-preview:large","max-video-preview":"max-video-preview:-1"},"canonical":"https:\/\/marc-marti.com\/ca\/empresa-impressio-gran-format-publicitat-exterior\/","og_locale":"ca_ES","og_type":"article","og_title":"Empresa d\u2019impressi\u00f3 gran format i publicitat exterior 360\u00ba","og_description":"Marc Mart\u00ed: empresa pionera en impressi\u00f3 digital de gran format i publicitat exterior. Producci\u00f3, log\u00edstica i instal\u00b7laci\u00f3 amb equip propi","og_url":"https:\/\/marc-marti.com\/ca\/empresa-impressio-gran-format-publicitat-exterior\/","og_site_name":"Marc-Mart\u00ed","article_modified_time":"2026-02-17T10:16:00+00:00","twitter_card":"summary_large_image","twitter_misc":{"Temps estimat de lectura":"15 minuts"},"schema":{"@context":"https:\/\/schema.org","@graph":[{"@type":"WebPage","@id":"https:\/\/marc-marti.com\/ca\/empresa-impressio-gran-format-publicitat-exterior\/","url":"https:\/\/marc-marti.com\/ca\/empresa-impressio-gran-format-publicitat-exterior\/","name":"Empresa d\u2019impressi\u00f3 gran format i publicitat exterior 360\u00ba","isPartOf":{"@id":"https:\/\/marc-marti.com\/#website"},"datePublished":"2022-07-26T06:00:44+00:00","dateModified":"2026-02-17T10:16:00+00:00","description":"Marc Mart\u00ed: empresa pionera en impressi\u00f3 digital de gran format i publicitat exterior. Producci\u00f3, log\u00edstica i instal\u00b7laci\u00f3 amb equip propi","breadcrumb":{"@id":"https:\/\/marc-marti.com\/ca\/empresa-impressio-gran-format-publicitat-exterior\/#breadcrumb"},"inLanguage":"ca","potentialAction":[{"@type":"ReadAction","target":["https:\/\/marc-marti.com\/ca\/empresa-impressio-gran-format-publicitat-exterior\/"]}]},{"@type":"BreadcrumbList","@id":"https:\/\/marc-marti.com\/ca\/empresa-impressio-gran-format-publicitat-exterior\/#breadcrumb","itemListElement":[{"@type":"ListItem","position":1,"name":"Portada","item":"https:\/\/marc-marti.com\/ca\/"},{"@type":"ListItem","position":2,"name":"Empresa"}]},{"@type":"WebSite","@id":"https:\/\/marc-marti.com\/#website","url":"https:\/\/marc-marti.com\/","name":"Marc-Mart\u00ed","description":"Impresi\u00f3n digital gran formato","potentialAction":[{"@type":"SearchAction","target":{"@type":"EntryPoint","urlTemplate":"https:\/\/marc-marti.com\/?s={search_term_string}"},"query-input":{"@type":"PropertyValueSpecification","valueRequired":true,"valueName":"search_term_string"}}],"inLanguage":"ca"}]}},"_links":{"self":[{"href":"https:\/\/marc-marti.com\/ca\/wp-json\/wp\/v2\/pages\/1546","targetHints":{"allow":["GET"]}}],"collection":[{"href":"https:\/\/marc-marti.com\/ca\/wp-json\/wp\/v2\/pages"}],"about":[{"href":"https:\/\/marc-marti.com\/ca\/wp-json\/wp\/v2\/types\/page"}],"author":[{"embeddable":true,"href":"https:\/\/marc-marti.com\/ca\/wp-json\/wp\/v2\/users\/1"}],"replies":[{"embeddable":true,"href":"https:\/\/marc-marti.com\/ca\/wp-json\/wp\/v2\/comments?post=1546"}],"version-history":[{"count":2,"href":"https:\/\/marc-marti.com\/ca\/wp-json\/wp\/v2\/pages\/1546\/revisions"}],"predecessor-version":[{"id":3525,"href":"https:\/\/marc-marti.com\/ca\/wp-json\/wp\/v2\/pages\/1546\/revisions\/3525"}],"wp:attachment":[{"href":"https:\/\/marc-marti.com\/ca\/wp-json\/wp\/v2\/media?parent=1546"}],"curies":[{"name":"wp","href":"https:\/\/api.w.org\/{rel}","templated":true}]}}